{"id":75,"date":"2021-01-07T17:48:08","date_gmt":"2021-01-07T16:48:08","guid":{"rendered":"http:\/\/testeglise.ovh\/?page_id=75"},"modified":"2023-10-27T21:17:16","modified_gmt":"2023-10-27T19:17:16","slug":"chevet","status":"publish","type":"page","link":"https:\/\/eglisedebrie.fr\/?page_id=75","title":{"rendered":"Chevet"},"content":{"rendered":"\n<p><strong>Compris entre deux grands contreforts, le mur de chevet plat du XIIIe si\u00e8cle pr\u00e9sente quatre niveaux. Il comportait trois \u00e9tages de baies d\u2019\u00e9clairage.<\/strong><\/p>\n\n\n<div class=\"wp-block-image\">\n<figure class=\"alignleft size-full\"><img loading=\"lazy\" decoding=\"async\" width=\"270\" height=\"531\" src=\"http:\/\/eglisedebrie.fr\/wp-content\/uploads\/2021\/01\/chevet02.jpg\" alt=\"\" class=\"wp-image-805\" srcset=\"https:\/\/eglisedebrie.fr\/wp-content\/uploads\/2021\/01\/chevet02.jpg 270w, https:\/\/eglisedebrie.fr\/wp-content\/uploads\/2021\/01\/chevet02-153x300.jpg 153w\" sizes=\"auto, (max-width: 270px) 100vw, 270px\" \/><figcaption class=\"wp-element-caption\"><em>El\u00e9vation du chevet, dessin de<br>B. Vitry (1939)<\/em><\/figcaption><\/figure>\n<\/div>\n\n\n<p><\/p>\n\n\n\n<p>Au premier niveau, on distingue trois grandes fen\u00eatres en lancette.<\/p>\n\n\n\n<p>En 1768, le conseil de Fabrique d\u00e9cida de fermer ces baies, ne disposant pas des fonds n\u00e9cessaires pour la r\u00e9paration des vitraux. Leur obstruction par des ma\u00e7onneries permit de placer, \u00e0 l&rsquo;int\u00e9rieur, un retable au fond du ch\u0153ur. La restauration de 1999 d\u00e9monta le bouchage grossier pour le remplacer par une paroi qui suit le r\u00e9seau des <a href=\"http:\/\/eglisedebrie.fr\/index.php\/glossaire\/#ancreB\">ba<\/a><a href=\"http:\/\/eglisedebrie.fr\/?page_id=91\/#ancreB\">rloti\u00e8res<\/a> retrouv\u00e9es en place. Cette paroi opaque fut trait\u00e9e en \u00ab\u00a0trompe-l&rsquo;\u0153il\u00a0\u00bb, imitant des vitraux en losange.<\/p>\n\n\n\n<p><br>Au dessus, se d\u00e9coupent les cinq ouvertures de la galerie \u00e0 clairevoie. La vitrerie actuelle date de 1889. L\u2019atelier Maison Veuve Emmanuel Champigneulle qui s&rsquo;est occup\u00e9 de la restauration de la rose du XIIIe si\u00e8cle, est aussi  \u00e0 l&rsquo;origine de la cr\u00e9ation des grisailles d\u00e9coratives de la galerie. Avant d&rsquo;\u00eatre remplac\u00e9s par des motifs simples, les vitraux repr\u00e9sentaient des personnages en pied \u00ab <em>de mauvaise qualit\u00e9<\/em> \u00bb selon E. Blondeau. <\/p>\n\n\n\n<figure class=\"wp-block-image size-full\"><img loading=\"lazy\" decoding=\"async\" width=\"582\" height=\"306\" src=\"http:\/\/eglisedebrie.fr\/wp-content\/uploads\/2021\/01\/chevet_int_04.jpg\" alt=\"\" class=\"wp-image-362\" srcset=\"https:\/\/eglisedebrie.fr\/wp-content\/uploads\/2021\/01\/chevet_int_04.jpg 582w, https:\/\/eglisedebrie.fr\/wp-content\/uploads\/2021\/01\/chevet_int_04-300x158.jpg 300w\" sizes=\"auto, (max-width: 582px) 100vw, 582px\" \/><figcaption class=\"wp-element-caption\">Galerie avant le remplacement des vitraux par des grisailles d\u00e9coratives<\/figcaption><\/figure>\n\n\n\n<figure class=\"wp-block-image size-large is-resized\"><img loading=\"lazy\" decoding=\"async\" width=\"1024\" height=\"508\" src=\"https:\/\/eglisedebrie.fr\/wp-content\/uploads\/2023\/10\/T8-chevet_26-9-12-026-1024x508.png\" alt=\"\" class=\"wp-image-3941\" style=\"aspect-ratio:2.015748031496063;width:573px;height:auto\" srcset=\"https:\/\/eglisedebrie.fr\/wp-content\/uploads\/2023\/10\/T8-chevet_26-9-12-026-1024x508.png 1024w, https:\/\/eglisedebrie.fr\/wp-content\/uploads\/2023\/10\/T8-chevet_26-9-12-026-300x149.png 300w, https:\/\/eglisedebrie.fr\/wp-content\/uploads\/2023\/10\/T8-chevet_26-9-12-026-768x381.png 768w, https:\/\/eglisedebrie.fr\/wp-content\/uploads\/2023\/10\/T8-chevet_26-9-12-026-1536x762.png 1536w, https:\/\/eglisedebrie.fr\/wp-content\/uploads\/2023\/10\/T8-chevet_26-9-12-026-900x447.png 900w, https:\/\/eglisedebrie.fr\/wp-content\/uploads\/2023\/10\/T8-chevet_26-9-12-026-1280x635.png 1280w, https:\/\/eglisedebrie.fr\/wp-content\/uploads\/2023\/10\/T8-chevet_26-9-12-026.png 2037w\" sizes=\"auto, (max-width: 1024px) 100vw, 1024px\" \/><figcaption class=\"wp-element-caption\">Galerie apr\u00e8s la restauration des vitraux<\/figcaption><\/figure>\n\n\n<div class=\"wp-block-image\">\n<figure class=\"alignleft size-full is-resized\"><img loading=\"lazy\" decoding=\"async\" width=\"905\" height=\"679\" src=\"https:\/\/eglisedebrie.fr\/wp-content\/uploads\/2023\/10\/DSCN3234.jpg\" alt=\"\" class=\"wp-image-3606\" style=\"width:358px;height:268px\" srcset=\"https:\/\/eglisedebrie.fr\/wp-content\/uploads\/2023\/10\/DSCN3234.jpg 905w, https:\/\/eglisedebrie.fr\/wp-content\/uploads\/2023\/10\/DSCN3234-300x225.jpg 300w, https:\/\/eglisedebrie.fr\/wp-content\/uploads\/2023\/10\/DSCN3234-768x576.jpg 768w, https:\/\/eglisedebrie.fr\/wp-content\/uploads\/2023\/10\/DSCN3234-900x675.jpg 900w\" sizes=\"auto, (max-width: 905px) 100vw, 905px\" \/><\/figure>\n<\/div>\n\n\n<p><br>Au troisi\u00e8me niveau, dans le mur en retrait, s&rsquo;ouvre la rose de 9,50 m de diam\u00e8tre, inspir\u00e9e de celle de la fa\u00e7ade sud de Notre-Dame de Paris. Son <a href=\"http:\/\/eglisedebrie.fr\/?page_id=208:#ancreR\">r<\/a><a href=\"http:\/\/eglisedebrie.fr\/?page_id=91\/#ancreR\">emplage<\/a> est divis\u00e9 en douze compartiments s\u00e9par\u00e9s de colonnettes avec chapiteaux \u00e0 feuillages et d&rsquo;arcs trilob\u00e9s sur le pourtour. Le centre pr\u00e9sente un anneau de pierre \u00e0 redents. L&rsquo;ensemble est surmont\u00e9 d&rsquo;une archivolte en arc bris\u00e9, \u00e0 moulure cylindrique, constituant un arc de d\u00e9charge.<\/p>\n\n\n\n<p><br>Au quatri\u00e8me niveau, au dessus de la corniche \u00e0 gros crochets, le pignon triangulaire est perc\u00e9 d\u2019un vaste oculus orn\u00e9 de six lobes int\u00e9rieurs. Au sommet du pignon une croix de pierre \u00e0 fleurons, support\u00e9e par quatre masques grima\u00e7ants a \u00e9t\u00e9 restitu\u00e9e \u00e0 partir des vestiges encore visibles datant du XIIIe si\u00e8cle.<br><\/p>\n\n\n<div class=\"wp-block-image\">\n<figure class=\"alignright size-large is-resized\"><img loading=\"lazy\" decoding=\"async\" width=\"683\" height=\"1024\" src=\"https:\/\/eglisedebrie.fr\/wp-content\/uploads\/2023\/10\/chevet_11-2009_33-683x1024.jpg\" alt=\"\" class=\"wp-image-4099\" style=\"aspect-ratio:0.6669921875;width:470px;height:auto\" srcset=\"https:\/\/eglisedebrie.fr\/wp-content\/uploads\/2023\/10\/chevet_11-2009_33-683x1024.jpg 683w, https:\/\/eglisedebrie.fr\/wp-content\/uploads\/2023\/10\/chevet_11-2009_33-200x300.jpg 200w, https:\/\/eglisedebrie.fr\/wp-content\/uploads\/2023\/10\/chevet_11-2009_33-768x1152.jpg 768w, https:\/\/eglisedebrie.fr\/wp-content\/uploads\/2023\/10\/chevet_11-2009_33-1024x1536.jpg 1024w, https:\/\/eglisedebrie.fr\/wp-content\/uploads\/2023\/10\/chevet_11-2009_33-900x1350.jpg 900w, https:\/\/eglisedebrie.fr\/wp-content\/uploads\/2023\/10\/chevet_11-2009_33.jpg 1200w\" sizes=\"auto, (max-width: 683px) 100vw, 683px\" \/><\/figure>\n<\/div>\n\n\n<h2 class=\"wp-block-heading\" id=\"ancreclocher\">Le clocher<\/h2>\n\n\n\n<p><br>Le clocher est plant\u00e9 au chevet, sur la derni\u00e8re trav\u00e9e du bas-c\u00f4t\u00e9 nord.<br>Les piles qui le supportent sont les plus importantes de l&rsquo;\u00e9difice, comme on pourra l&rsquo;observer \u00e0 l&rsquo;int\u00e9rieur de l&rsquo;\u00e9glise.<br>De base carr\u00e9e, il s\u2019\u00e9l\u00e8ve \u00e0 64,57 m entre des doubles contreforts \u00e0 chaque angle.<\/p>\n\n\n\n<p id=\"ancreCrochets\"><br>L&rsquo;\u00e9tage du beffroi des cloches est marqu\u00e9 par une moulure \u00e0 crochets. <\/p>\n\n\n\n<figure class=\"wp-block-image size-large is-resized\"><img loading=\"lazy\" decoding=\"async\" width=\"1024\" height=\"686\" src=\"https:\/\/eglisedebrie.fr\/wp-content\/uploads\/2023\/10\/Photo09_8-1024x686.jpg\" alt=\"\" class=\"wp-image-4102\" style=\"aspect-ratio:1.4927113702623906;width:389px;height:auto\" srcset=\"https:\/\/eglisedebrie.fr\/wp-content\/uploads\/2023\/10\/Photo09_8-1024x686.jpg 1024w, https:\/\/eglisedebrie.fr\/wp-content\/uploads\/2023\/10\/Photo09_8-300x201.jpg 300w, https:\/\/eglisedebrie.fr\/wp-content\/uploads\/2023\/10\/Photo09_8-768x514.jpg 768w, https:\/\/eglisedebrie.fr\/wp-content\/uploads\/2023\/10\/Photo09_8-1536x1029.jpg 1536w, https:\/\/eglisedebrie.fr\/wp-content\/uploads\/2023\/10\/Photo09_8-900x603.jpg 900w, https:\/\/eglisedebrie.fr\/wp-content\/uploads\/2023\/10\/Photo09_8-1280x857.jpg 1280w, https:\/\/eglisedebrie.fr\/wp-content\/uploads\/2023\/10\/Photo09_8.jpg 1789w\" sizes=\"auto, (max-width: 1024px) 100vw, 1024px\" \/><\/figure>\n\n\n\n<p>Entre les contreforts, s\u2019\u00e9lancent des hautes baies doubles orn\u00e9es de colonnes engag\u00e9es et garnies de bagues.<\/p>\n\n\n\n<p><\/p>\n\n\n\n<p><\/p>\n\n\n<div class=\"wp-block-image\">\n<figure class=\"alignleft size-large\"><img loading=\"lazy\" decoding=\"async\" width=\"685\" height=\"1024\" src=\"https:\/\/eglisedebrie.fr\/wp-content\/uploads\/2023\/10\/00074-685x1024.jpg\" alt=\"\" class=\"wp-image-4018\" srcset=\"https:\/\/eglisedebrie.fr\/wp-content\/uploads\/2023\/10\/00074-685x1024.jpg 685w, https:\/\/eglisedebrie.fr\/wp-content\/uploads\/2023\/10\/00074-201x300.jpg 201w, https:\/\/eglisedebrie.fr\/wp-content\/uploads\/2023\/10\/00074-768x1148.jpg 768w, https:\/\/eglisedebrie.fr\/wp-content\/uploads\/2023\/10\/00074-1028x1536.jpg 1028w, https:\/\/eglisedebrie.fr\/wp-content\/uploads\/2023\/10\/00074-1370x2048.jpg 1370w, https:\/\/eglisedebrie.fr\/wp-content\/uploads\/2023\/10\/00074-900x1345.jpg 900w, https:\/\/eglisedebrie.fr\/wp-content\/uploads\/2023\/10\/00074-1280x1913.jpg 1280w, https:\/\/eglisedebrie.fr\/wp-content\/uploads\/2023\/10\/00074-scaled.jpg 1713w\" sizes=\"auto, (max-width: 685px) 100vw, 685px\" \/><\/figure>\n<\/div>\n\n\n<p>Le sommet de la ma\u00e7onnerie est soulign\u00e9 par une corniche \u00e0 crochets. \u00c0 l\u2019angle nord, la tourelle d\u2019escalier, de forme circulaire, est \u00e9clair\u00e9e par des jours en arch\u00e8res.<br>Une gravure de 1612 de Joachim Duviert, montre un clocher surmont\u00e9 seulement d\u2019un petit clocheton et un tableau de Sauveur Le Conte (vers 1680) le repr\u00e9sente \u00e9galement sans fl\u00e8che.<br>Ce n&rsquo;est, en effet, que vers 1758 que l\u2019on ajouta la fl\u00e8che actuelle tr\u00e8s aigu\u00eb et de forme octogonale.<\/p>\n\n\n\n<p>Elle est flanqu\u00e9e aux angles de petits pyramidions. Elle est couverte d\u2019ardoises.<\/p>\n\n\n<div class=\"wp-block-image is-resized\">\n<figure class=\"alignright size-large\"><img loading=\"lazy\" decoding=\"async\" width=\"694\" height=\"1024\" src=\"http:\/\/testeglise.ovh\/wp-content\/uploads\/2021\/03\/Scan373-694x1024.jpg\" alt=\"\" class=\"wp-image-2525\" srcset=\"https:\/\/eglisedebrie.fr\/wp-content\/uploads\/2021\/03\/Scan373-694x1024.jpg 694w, https:\/\/eglisedebrie.fr\/wp-content\/uploads\/2021\/03\/Scan373-203x300.jpg 203w, https:\/\/eglisedebrie.fr\/wp-content\/uploads\/2021\/03\/Scan373-768x1134.jpg 768w, https:\/\/eglisedebrie.fr\/wp-content\/uploads\/2021\/03\/Scan373-1040x1536.jpg 1040w, https:\/\/eglisedebrie.fr\/wp-content\/uploads\/2021\/03\/Scan373.jpg 1129w\" sizes=\"auto, (max-width: 694px) 100vw, 694px\" \/><\/figure>\n<\/div>\n\n\n<p><br>La petite fl\u00e8che qui couvre la tourelle d\u2019escalier est domin\u00e9e par une boule en cuivre et une girouette en fer d\u00e9coup\u00e9 repr\u00e9sentant une t\u00eate de dragon.<br>En 1819, l\u2019entrepreneur F\u00e9lix Picard, qui refit la toiture du clocher, pla\u00e7a un parchemin dans la boule de la grande fl\u00e8che, demandant une messe pour r\u00e9compense. Ce parchemin fut retrouv\u00e9, bien des ann\u00e9es plus tard, \u00e0 l\u2019occasion de restaurations.<\/p>\n\n\n<div class=\"wp-block-image\">\n<figure class=\"aligncenter size-full\"><img loading=\"lazy\" decoding=\"async\" width=\"1024\" height=\"685\" src=\"https:\/\/eglisedebrie.fr\/wp-content\/uploads\/2023\/10\/00132-1024x685-1.jpg\" alt=\"\" class=\"wp-image-3609\" srcset=\"https:\/\/eglisedebrie.fr\/wp-content\/uploads\/2023\/10\/00132-1024x685-1.jpg 1024w, https:\/\/eglisedebrie.fr\/wp-content\/uploads\/2023\/10\/00132-1024x685-1-300x201.jpg 300w, https:\/\/eglisedebrie.fr\/wp-content\/uploads\/2023\/10\/00132-1024x685-1-768x514.jpg 768w, https:\/\/eglisedebrie.fr\/wp-content\/uploads\/2023\/10\/00132-1024x685-1-900x602.jpg 900w\" sizes=\"auto, (max-width: 1024px) 100vw, 1024px\" \/><figcaption class=\"wp-element-caption\"><em>Aspect du clocher vers 1680 (S. Le Conte)<\/em><\/figcaption><\/figure>\n<\/div>\n\n<div class=\"wp-block-image\">\n<figure class=\"aligncenter size-large\"><img loading=\"lazy\" decoding=\"async\" width=\"1024\" height=\"686\" src=\"https:\/\/eglisedebrie.fr\/wp-content\/uploads\/2023\/10\/F1000003-1024x686.jpg\" alt=\"\" class=\"wp-image-4020\" srcset=\"https:\/\/eglisedebrie.fr\/wp-content\/uploads\/2023\/10\/F1000003-1024x686.jpg 1024w, https:\/\/eglisedebrie.fr\/wp-content\/uploads\/2023\/10\/F1000003-300x201.jpg 300w, https:\/\/eglisedebrie.fr\/wp-content\/uploads\/2023\/10\/F1000003-768x514.jpg 768w, https:\/\/eglisedebrie.fr\/wp-content\/uploads\/2023\/10\/F1000003-1536x1028.jpg 1536w, https:\/\/eglisedebrie.fr\/wp-content\/uploads\/2023\/10\/F1000003-900x603.jpg 900w, https:\/\/eglisedebrie.fr\/wp-content\/uploads\/2023\/10\/F1000003-1280x857.jpg 1280w, https:\/\/eglisedebrie.fr\/wp-content\/uploads\/2023\/10\/F1000003.jpg 1840w\" sizes=\"auto, (max-width: 1024px) 100vw, 1024px\" \/><figcaption class=\"wp-element-caption\">Les cloches<\/figcaption><\/figure>\n<\/div>\n\n\n<p><\/p>\n","protected":false},"excerpt":{"rendered":"<p>Compris entre deux grands contreforts, le mur de chevet plat du XIIIe si\u00e8cle pr\u00e9sente quatre niveaux. Il comportait trois \u00e9tages de baies d\u2019\u00e9clairage. Au premier niveau, on distingue trois grandes fen\u00eatres en lancette. En 1768, le conseil de Fabrique d\u00e9cida de fermer ces baies, ne disposant pas des fonds n\u00e9cessaires pour la r\u00e9paration des vitraux. [&hellip;]<\/p>\n","protected":false},"author":1,"featured_media":1202,"parent":0,"menu_order":0,"comment_status":"closed","ping_status":"closed","template":"","meta":{"footnotes":""},"class_list":["post-75","page","type-page","status-publish","has-post-thumbnail","hentry"],"yoast_head":"<!-- This site is optimized with the Yoast SEO plugin v21.5 - https:\/\/yoast.com\/wordpress\/plugins\/seo\/ -->\n<title>Chevet - Eglise Saint-Etienne de Brie-Comte-Robert<\/title>\n<meta name=\"robots\" content=\"index, follow, max-snippet:-1, max-image-preview:large, max-video-preview:-1\" \/>\n<link rel=\"canonical\" href=\"https:\/\/eglisedebrie.fr\/?page_id=75\" \/>\n<meta property=\"og:locale\" content=\"fr_FR\" \/>\n<meta property=\"og:type\" content=\"article\" \/>\n<meta property=\"og:title\" content=\"Chevet - Eglise Saint-Etienne de Brie-Comte-Robert\" \/>\n<meta property=\"og:description\" content=\"Compris entre deux grands contreforts, le mur de chevet plat du XIIIe si\u00e8cle pr\u00e9sente quatre niveaux. Il comportait trois \u00e9tages de baies d\u2019\u00e9clairage. Au premier niveau, on distingue trois grandes fen\u00eatres en lancette. En 1768, le conseil de Fabrique d\u00e9cida de fermer ces baies, ne disposant pas des fonds n\u00e9cessaires pour la r\u00e9paration des vitraux. [&hellip;]\" \/>\n<meta property=\"og:url\" content=\"https:\/\/eglisedebrie.fr\/?page_id=75\" \/>\n<meta property=\"og:site_name\" content=\"Eglise Saint-Etienne de Brie-Comte-Robert\" \/>\n<meta property=\"article:modified_time\" content=\"2023-10-27T19:17:16+00:00\" \/>\n<meta property=\"og:image\" content=\"https:\/\/eglisedebrie.fr\/wp-content\/uploads\/2021\/01\/mars2010-017-e1616435880848-1024x817.png\" \/>\n\t<meta property=\"og:image:width\" content=\"1024\" \/>\n\t<meta property=\"og:image:height\" content=\"817\" \/>\n\t<meta property=\"og:image:type\" content=\"image\/png\" \/>\n<meta name=\"twitter:card\" content=\"summary_large_image\" \/>\n<meta name=\"twitter:label1\" content=\"Dur\u00e9e de lecture estim\u00e9e\" \/>\n\t<meta name=\"twitter:data1\" content=\"3 minutes\" \/>\n<script type=\"application\/ld+json\" class=\"yoast-schema-graph\">{\"@context\":\"https:\/\/schema.org\",\"@graph\":[{\"@type\":\"WebPage\",\"@id\":\"https:\/\/eglisedebrie.fr\/?page_id=75\",\"url\":\"https:\/\/eglisedebrie.fr\/?page_id=75\",\"name\":\"Chevet - Eglise Saint-Etienne de Brie-Comte-Robert\",\"isPartOf\":{\"@id\":\"https:\/\/eglisedebrie.fr\/#website\"},\"datePublished\":\"2021-01-07T16:48:08+00:00\",\"dateModified\":\"2023-10-27T19:17:16+00:00\",\"breadcrumb\":{\"@id\":\"https:\/\/eglisedebrie.fr\/?page_id=75#breadcrumb\"},\"inLanguage\":\"fr-FR\",\"potentialAction\":[{\"@type\":\"ReadAction\",\"target\":[\"https:\/\/eglisedebrie.fr\/?page_id=75\"]}]},{\"@type\":\"BreadcrumbList\",\"@id\":\"https:\/\/eglisedebrie.fr\/?page_id=75#breadcrumb\",\"itemListElement\":[{\"@type\":\"ListItem\",\"position\":1,\"name\":\"Accueil\",\"item\":\"https:\/\/eglisedebrie.fr\/\"},{\"@type\":\"ListItem\",\"position\":2,\"name\":\"Chevet\"}]},{\"@type\":\"WebSite\",\"@id\":\"https:\/\/eglisedebrie.fr\/#website\",\"url\":\"https:\/\/eglisedebrie.fr\/\",\"name\":\"Eglise Saint-Etienne de Brie-Comte-Robert\",\"description\":\"\u00a9 Les Amis du Vieux Ch\u00e2teau\",\"potentialAction\":[{\"@type\":\"SearchAction\",\"target\":{\"@type\":\"EntryPoint\",\"urlTemplate\":\"https:\/\/eglisedebrie.fr\/?s={search_term_string}\"},\"query-input\":\"required name=search_term_string\"}],\"inLanguage\":\"fr-FR\"}]}<\/script>\n<!-- \/ Yoast SEO plugin. -->","yoast_head_json":{"title":"Chevet - Eglise Saint-Etienne de Brie-Comte-Robert","robots":{"index":"index","follow":"follow","max-snippet":"max-snippet:-1","max-image-preview":"max-image-preview:large","max-video-preview":"max-video-preview:-1"},"canonical":"https:\/\/eglisedebrie.fr\/?page_id=75","og_locale":"fr_FR","og_type":"article","og_title":"Chevet - Eglise Saint-Etienne de Brie-Comte-Robert","og_description":"Compris entre deux grands contreforts, le mur de chevet plat du XIIIe si\u00e8cle pr\u00e9sente quatre niveaux. Il comportait trois \u00e9tages de baies d\u2019\u00e9clairage. Au premier niveau, on distingue trois grandes fen\u00eatres en lancette. En 1768, le conseil de Fabrique d\u00e9cida de fermer ces baies, ne disposant pas des fonds n\u00e9cessaires pour la r\u00e9paration des vitraux. [&hellip;]","og_url":"https:\/\/eglisedebrie.fr\/?page_id=75","og_site_name":"Eglise Saint-Etienne de Brie-Comte-Robert","article_modified_time":"2023-10-27T19:17:16+00:00","og_image":[{"width":1024,"height":817,"url":"https:\/\/eglisedebrie.fr\/wp-content\/uploads\/2021\/01\/mars2010-017-e1616435880848-1024x817.png","type":"image\/png"}],"twitter_card":"summary_large_image","twitter_misc":{"Dur\u00e9e de lecture estim\u00e9e":"3 minutes"},"schema":{"@context":"https:\/\/schema.org","@graph":[{"@type":"WebPage","@id":"https:\/\/eglisedebrie.fr\/?page_id=75","url":"https:\/\/eglisedebrie.fr\/?page_id=75","name":"Chevet - Eglise Saint-Etienne de Brie-Comte-Robert","isPartOf":{"@id":"https:\/\/eglisedebrie.fr\/#website"},"datePublished":"2021-01-07T16:48:08+00:00","dateModified":"2023-10-27T19:17:16+00:00","breadcrumb":{"@id":"https:\/\/eglisedebrie.fr\/?page_id=75#breadcrumb"},"inLanguage":"fr-FR","potentialAction":[{"@type":"ReadAction","target":["https:\/\/eglisedebrie.fr\/?page_id=75"]}]},{"@type":"BreadcrumbList","@id":"https:\/\/eglisedebrie.fr\/?page_id=75#breadcrumb","itemListElement":[{"@type":"ListItem","position":1,"name":"Accueil","item":"https:\/\/eglisedebrie.fr\/"},{"@type":"ListItem","position":2,"name":"Chevet"}]},{"@type":"WebSite","@id":"https:\/\/eglisedebrie.fr\/#website","url":"https:\/\/eglisedebrie.fr\/","name":"Eglise Saint-Etienne de Brie-Comte-Robert","description":"\u00a9 Les Amis du Vieux Ch\u00e2teau","potentialAction":[{"@type":"SearchAction","target":{"@type":"EntryPoint","urlTemplate":"https:\/\/eglisedebrie.fr\/?s={search_term_string}"},"query-input":"required name=search_term_string"}],"inLanguage":"fr-FR"}]}},"_links":{"self":[{"href":"https:\/\/eglisedebrie.fr\/index.php?rest_route=\/wp\/v2\/pages\/75","targetHints":{"allow":["GET"]}}],"collection":[{"href":"https:\/\/eglisedebrie.fr\/index.php?rest_route=\/wp\/v2\/pages"}],"about":[{"href":"https:\/\/eglisedebrie.fr\/index.php?rest_route=\/wp\/v2\/types\/page"}],"author":[{"embeddable":true,"href":"https:\/\/eglisedebrie.fr\/index.php?rest_route=\/wp\/v2\/users\/1"}],"replies":[{"embeddable":true,"href":"https:\/\/eglisedebrie.fr\/index.php?rest_route=%2Fwp%2Fv2%2Fcomments&post=75"}],"version-history":[{"count":20,"href":"https:\/\/eglisedebrie.fr\/index.php?rest_route=\/wp\/v2\/pages\/75\/revisions"}],"predecessor-version":[{"id":4180,"href":"https:\/\/eglisedebrie.fr\/index.php?rest_route=\/wp\/v2\/pages\/75\/revisions\/4180"}],"wp:featuredmedia":[{"embeddable":true,"href":"https:\/\/eglisedebrie.fr\/index.php?rest_route=\/wp\/v2\/media\/1202"}],"wp:attachment":[{"href":"https:\/\/eglisedebrie.fr\/index.php?rest_route=%2Fwp%2Fv2%2Fmedia&parent=75"}],"curies":[{"name":"wp","href":"https:\/\/api.w.org\/{rel}","templated":true}]}}