{"id":74,"date":"2021-01-07T17:48:08","date_gmt":"2021-01-07T16:48:08","guid":{"rendered":"http:\/\/testeglise.ovh\/?page_id=74"},"modified":"2023-10-20T15:47:26","modified_gmt":"2023-10-20T13:47:26","slug":"facade-sud","status":"publish","type":"page","link":"https:\/\/eglisedebrie.fr\/?page_id=74","title":{"rendered":"Fa\u00e7ade Sud"},"content":{"rendered":"\n<figure class=\"wp-block-image size-large\"><img decoding=\"async\" src=\"https:\/\/www.testeglise.ovh\/wp-content\/uploads\/2021\/10\/facade_sud-1024x768.jpg\" alt=\"\" class=\"wp-image-3077\"\/><\/figure>\n\n\n\n<p><strong>Comme pour le c\u00f4t\u00e9 nord, neuf cul\u00e9es scandent cette face lat\u00e9rale.<\/strong><\/p>\n\n\n\n<p>Six d\u2019entre elles, les plus proches du chevet, sont de la p\u00e9riode d\u2019\u00e9dification d\u2019origine et trois chapelles s\u2019y sont int\u00e9gr\u00e9es&nbsp;: celles des 5<sup>e<\/sup> et 6<sup>e<\/sup> trav\u00e9es sont de style flamboyant du XVe si\u00e8cle, avec un parement de briques et de pierres pour cette derni\u00e8re (exceptionnel dans notre r\u00e9gion). La chapelle de la 7<sup>e<\/sup> trav\u00e9e est du XVIe si\u00e8cle.<\/p>\n\n\n\n<p>Les trois autres cul\u00e9es, proches de la fa\u00e7ade ouest, s\u2019\u00e9cartent plus du mur pour englober les cul\u00e9es XIIIe si\u00e8cle d\u2019origine. Elles ont \u00e9t\u00e9 reconstruites \u00e0 la Renaissance et deux chapelles ont, en m\u00eame temps, occup\u00e9 les espaces entre les cul\u00e9es. \u00c0 la jonction entre la 2<sup>e<\/sup> et la 3<sup>e <\/sup>trav\u00e9e, l\u2019amorce d\u2019un arc d\u2019une baie, \u00e9galement du XVIe si\u00e8cle, est toujours en attente&nbsp;: ce projet a \u00e9t\u00e9 interrompu ; il devait probablement encadrer la petite porte. La restauration r\u00e9cente a respect\u00e9 cette anomalie.<\/p>\n\n\n<div class=\"wp-block-image\">\n<figure class=\"alignright size-large is-resized\"><img loading=\"lazy\" decoding=\"async\" width=\"291\" height=\"293\" src=\"http:\/\/testeglise.ovh\/wp-content\/uploads\/2021\/02\/eglise_s_04.png\" alt=\"\" class=\"wp-image-1641\" style=\"width:332px;height:334px\" srcset=\"https:\/\/eglisedebrie.fr\/wp-content\/uploads\/2021\/02\/eglise_s_04.png 291w, https:\/\/eglisedebrie.fr\/wp-content\/uploads\/2021\/02\/eglise_s_04-150x150.png 150w\" sizes=\"auto, (max-width: 291px) 100vw, 291px\" \/><figcaption class=\"wp-element-caption\">T<em>roisi\u00e8me trav\u00e9e, avec sa porte du XIVe si\u00e8cle, et quatri\u00e8me trav\u00e9e dans son aspect d\u2019origine.<\/em><\/figcaption><\/figure>\n<\/div>\n\n\n<p class=\"has-text-align-left\">Au niveau de la 3<sup>e<\/sup> trav\u00e9e, le mur gouttereau a gard\u00e9 sa position d\u2019origine. Une porte en ogive a \u00e9t\u00e9 perc\u00e9e au XIVe si\u00e8cle. Cette installation a n\u00e9cessit\u00e9 le raccourcissement de la baie orn\u00e9e d\u2019un arc bris\u00e9 \u00e0 d\u00e9cor en pointe de diamant qui la surmonte et qui, \u00e0 l\u2019origine, \u00e9tait tout \u00e0 fait identique \u00e0 celle de la trav\u00e9e mitoyenne.<br>&nbsp;<br>Si la 4<sup>e<\/sup> cul\u00e9e est encore du XIIIe si\u00e8cle, on peut remarquer qu\u2019elle est surmont\u00e9e d\u2019un arc-boutant du XVIe si\u00e8cle, montrant une nouvelle fois la reprise, \u00e0 la Renaissance, de l\u2019architecture gothique d\u2019origine. <br>\u00c0 l\u2019\u00e9tage sup\u00e9rieur, les trois grandes fen\u00eatres, proches de la fa\u00e7ade ouest, en arc plein cintre, datent de la Renaissance. Les cinq baies suivantes, en arc bris\u00e9, ont \u00e9t\u00e9 \u00e9difi\u00e9es au XIIIe si\u00e8cle.<\/p>\n\n\n<div class=\"wp-block-image\">\n<figure class=\"alignleft size-large is-resized\"><img loading=\"lazy\" decoding=\"async\" width=\"273\" height=\"399\" src=\"http:\/\/testeglise.ovh\/wp-content\/uploads\/2021\/02\/gargouille-S-01_pluie.jpg\" alt=\"\" class=\"wp-image-1645\" style=\"width:315px;height:460px\" srcset=\"https:\/\/eglisedebrie.fr\/wp-content\/uploads\/2021\/02\/gargouille-S-01_pluie.jpg 273w, https:\/\/eglisedebrie.fr\/wp-content\/uploads\/2021\/02\/gargouille-S-01_pluie-205x300.jpg 205w\" sizes=\"auto, (max-width: 273px) 100vw, 273px\" \/><figcaption class=\"wp-element-caption\">Les gargouilles sud veillent sur la place des D\u00e9port\u00e9s.<\/figcaption><\/figure>\n<\/div>\n\n\n<p><br>Des <a href=\"http:\/\/eglisedebrie.fr\/?page_id=91\/#ancreG\">gargouilles<\/a> tr\u00e8s expressives allongent leurs cous, sur deux niveaux, \u00e0 l&rsquo;extr\u00e9mit\u00e9 des caniveaux des arcs-boutants et des bas-c\u00f4t\u00e9s. Seule la premi\u00e8re, dans laquelle l\u2019eau ne s\u2019\u00e9coule pas et situ\u00e9e en partie sup\u00e9rieure pr\u00e8s du chevet, est d\u2019origine. Les autres ont \u00e9t\u00e9 remplac\u00e9es de nombreuses fois, dont certaines au XXe si\u00e8cle.<\/p>\n","protected":false},"excerpt":{"rendered":"<p>Comme pour le c\u00f4t\u00e9 nord, neuf cul\u00e9es scandent cette face lat\u00e9rale. Six d\u2019entre elles, les plus proches du chevet, sont de la p\u00e9riode d\u2019\u00e9dification d\u2019origine et trois chapelles s\u2019y sont int\u00e9gr\u00e9es&nbsp;: celles des 5e et 6e trav\u00e9es sont de style flamboyant du XVe si\u00e8cle, avec un parement de briques et de pierres pour cette derni\u00e8re [&hellip;]<\/p>\n","protected":false},"author":1,"featured_media":3756,"parent":0,"menu_order":0,"comment_status":"closed","ping_status":"closed","template":"","meta":{"footnotes":""},"class_list":["post-74","page","type-page","status-publish","has-post-thumbnail","hentry"],"yoast_head":"<!-- This site is optimized with the Yoast SEO plugin v21.5 - https:\/\/yoast.com\/wordpress\/plugins\/seo\/ -->\n<title>Fa\u00e7ade Sud - Eglise Saint-Etienne de Brie-Comte-Robert<\/title>\n<meta name=\"robots\" content=\"index, follow, max-snippet:-1, max-image-preview:large, max-video-preview:-1\" \/>\n<link rel=\"canonical\" href=\"https:\/\/eglisedebrie.fr\/?page_id=74\" \/>\n<meta property=\"og:locale\" content=\"fr_FR\" \/>\n<meta property=\"og:type\" content=\"article\" \/>\n<meta property=\"og:title\" content=\"Fa\u00e7ade Sud - Eglise Saint-Etienne de Brie-Comte-Robert\" \/>\n<meta property=\"og:description\" content=\"Comme pour le c\u00f4t\u00e9 nord, neuf cul\u00e9es scandent cette face lat\u00e9rale. Six d\u2019entre elles, les plus proches du chevet, sont de la p\u00e9riode d\u2019\u00e9dification d\u2019origine et trois chapelles s\u2019y sont int\u00e9gr\u00e9es&nbsp;: celles des 5e et 6e trav\u00e9es sont de style flamboyant du XVe si\u00e8cle, avec un parement de briques et de pierres pour cette derni\u00e8re [&hellip;]\" \/>\n<meta property=\"og:url\" content=\"https:\/\/eglisedebrie.fr\/?page_id=74\" \/>\n<meta property=\"og:site_name\" content=\"Eglise Saint-Etienne de Brie-Comte-Robert\" \/>\n<meta property=\"article:modified_time\" content=\"2023-10-20T13:47:26+00:00\" \/>\n<meta property=\"og:image\" content=\"https:\/\/eglisedebrie.fr\/wp-content\/uploads\/2023\/10\/facade_sud-scaled.jpg\" \/>\n\t<meta property=\"og:image:width\" content=\"2560\" \/>\n\t<meta property=\"og:image:height\" content=\"1920\" \/>\n\t<meta property=\"og:image:type\" content=\"image\/jpeg\" \/>\n<meta name=\"twitter:card\" content=\"summary_large_image\" \/>\n<meta name=\"twitter:label1\" content=\"Dur\u00e9e de lecture estim\u00e9e\" \/>\n\t<meta name=\"twitter:data1\" content=\"2 minutes\" \/>\n<script type=\"application\/ld+json\" class=\"yoast-schema-graph\">{\"@context\":\"https:\/\/schema.org\",\"@graph\":[{\"@type\":\"WebPage\",\"@id\":\"https:\/\/eglisedebrie.fr\/?page_id=74\",\"url\":\"https:\/\/eglisedebrie.fr\/?page_id=74\",\"name\":\"Fa\u00e7ade Sud - Eglise Saint-Etienne de Brie-Comte-Robert\",\"isPartOf\":{\"@id\":\"https:\/\/eglisedebrie.fr\/#website\"},\"datePublished\":\"2021-01-07T16:48:08+00:00\",\"dateModified\":\"2023-10-20T13:47:26+00:00\",\"breadcrumb\":{\"@id\":\"https:\/\/eglisedebrie.fr\/?page_id=74#breadcrumb\"},\"inLanguage\":\"fr-FR\",\"potentialAction\":[{\"@type\":\"ReadAction\",\"target\":[\"https:\/\/eglisedebrie.fr\/?page_id=74\"]}]},{\"@type\":\"BreadcrumbList\",\"@id\":\"https:\/\/eglisedebrie.fr\/?page_id=74#breadcrumb\",\"itemListElement\":[{\"@type\":\"ListItem\",\"position\":1,\"name\":\"Accueil\",\"item\":\"https:\/\/eglisedebrie.fr\/\"},{\"@type\":\"ListItem\",\"position\":2,\"name\":\"Fa\u00e7ade Sud\"}]},{\"@type\":\"WebSite\",\"@id\":\"https:\/\/eglisedebrie.fr\/#website\",\"url\":\"https:\/\/eglisedebrie.fr\/\",\"name\":\"Eglise Saint-Etienne de Brie-Comte-Robert\",\"description\":\"\u00a9 Les Amis du Vieux Ch\u00e2teau\",\"potentialAction\":[{\"@type\":\"SearchAction\",\"target\":{\"@type\":\"EntryPoint\",\"urlTemplate\":\"https:\/\/eglisedebrie.fr\/?s={search_term_string}\"},\"query-input\":\"required name=search_term_string\"}],\"inLanguage\":\"fr-FR\"}]}<\/script>\n<!-- \/ Yoast SEO plugin. -->","yoast_head_json":{"title":"Fa\u00e7ade Sud - Eglise Saint-Etienne de Brie-Comte-Robert","robots":{"index":"index","follow":"follow","max-snippet":"max-snippet:-1","max-image-preview":"max-image-preview:large","max-video-preview":"max-video-preview:-1"},"canonical":"https:\/\/eglisedebrie.fr\/?page_id=74","og_locale":"fr_FR","og_type":"article","og_title":"Fa\u00e7ade Sud - Eglise Saint-Etienne de Brie-Comte-Robert","og_description":"Comme pour le c\u00f4t\u00e9 nord, neuf cul\u00e9es scandent cette face lat\u00e9rale. Six d\u2019entre elles, les plus proches du chevet, sont de la p\u00e9riode d\u2019\u00e9dification d\u2019origine et trois chapelles s\u2019y sont int\u00e9gr\u00e9es&nbsp;: celles des 5e et 6e trav\u00e9es sont de style flamboyant du XVe si\u00e8cle, avec un parement de briques et de pierres pour cette derni\u00e8re [&hellip;]","og_url":"https:\/\/eglisedebrie.fr\/?page_id=74","og_site_name":"Eglise Saint-Etienne de Brie-Comte-Robert","article_modified_time":"2023-10-20T13:47:26+00:00","og_image":[{"width":2560,"height":1920,"url":"https:\/\/eglisedebrie.fr\/wp-content\/uploads\/2023\/10\/facade_sud-scaled.jpg","type":"image\/jpeg"}],"twitter_card":"summary_large_image","twitter_misc":{"Dur\u00e9e de lecture estim\u00e9e":"2 minutes"},"schema":{"@context":"https:\/\/schema.org","@graph":[{"@type":"WebPage","@id":"https:\/\/eglisedebrie.fr\/?page_id=74","url":"https:\/\/eglisedebrie.fr\/?page_id=74","name":"Fa\u00e7ade Sud - Eglise Saint-Etienne de Brie-Comte-Robert","isPartOf":{"@id":"https:\/\/eglisedebrie.fr\/#website"},"datePublished":"2021-01-07T16:48:08+00:00","dateModified":"2023-10-20T13:47:26+00:00","breadcrumb":{"@id":"https:\/\/eglisedebrie.fr\/?page_id=74#breadcrumb"},"inLanguage":"fr-FR","potentialAction":[{"@type":"ReadAction","target":["https:\/\/eglisedebrie.fr\/?page_id=74"]}]},{"@type":"BreadcrumbList","@id":"https:\/\/eglisedebrie.fr\/?page_id=74#breadcrumb","itemListElement":[{"@type":"ListItem","position":1,"name":"Accueil","item":"https:\/\/eglisedebrie.fr\/"},{"@type":"ListItem","position":2,"name":"Fa\u00e7ade Sud"}]},{"@type":"WebSite","@id":"https:\/\/eglisedebrie.fr\/#website","url":"https:\/\/eglisedebrie.fr\/","name":"Eglise Saint-Etienne de Brie-Comte-Robert","description":"\u00a9 Les Amis du Vieux Ch\u00e2teau","potentialAction":[{"@type":"SearchAction","target":{"@type":"EntryPoint","urlTemplate":"https:\/\/eglisedebrie.fr\/?s={search_term_string}"},"query-input":"required name=search_term_string"}],"inLanguage":"fr-FR"}]}},"_links":{"self":[{"href":"https:\/\/eglisedebrie.fr\/index.php?rest_route=\/wp\/v2\/pages\/74","targetHints":{"allow":["GET"]}}],"collection":[{"href":"https:\/\/eglisedebrie.fr\/index.php?rest_route=\/wp\/v2\/pages"}],"about":[{"href":"https:\/\/eglisedebrie.fr\/index.php?rest_route=\/wp\/v2\/types\/page"}],"author":[{"embeddable":true,"href":"https:\/\/eglisedebrie.fr\/index.php?rest_route=\/wp\/v2\/users\/1"}],"replies":[{"embeddable":true,"href":"https:\/\/eglisedebrie.fr\/index.php?rest_route=%2Fwp%2Fv2%2Fcomments&post=74"}],"version-history":[{"count":2,"href":"https:\/\/eglisedebrie.fr\/index.php?rest_route=\/wp\/v2\/pages\/74\/revisions"}],"predecessor-version":[{"id":3950,"href":"https:\/\/eglisedebrie.fr\/index.php?rest_route=\/wp\/v2\/pages\/74\/revisions\/3950"}],"wp:featuredmedia":[{"embeddable":true,"href":"https:\/\/eglisedebrie.fr\/index.php?rest_route=\/wp\/v2\/media\/3756"}],"wp:attachment":[{"href":"https:\/\/eglisedebrie.fr\/index.php?rest_route=%2Fwp%2Fv2%2Fmedia&parent=74"}],"curies":[{"name":"wp","href":"https:\/\/api.w.org\/{rel}","templated":true}]}}