{"id":278,"date":"2021-01-10T16:44:59","date_gmt":"2021-01-10T15:44:59","guid":{"rendered":"http:\/\/testeglise.ovh\/?page_id=278"},"modified":"2023-10-28T18:08:32","modified_gmt":"2023-10-28T16:08:32","slug":"st-claude","status":"publish","type":"page","link":"https:\/\/eglisedebrie.fr\/?page_id=278","title":{"rendered":"Chapelle Saint-Claude"},"content":{"rendered":"\n<p id=\"ancreClaude\">La chapelle Saint-Claude communique avec la 3<sup>e<\/sup> trav\u00e9e du bas-c\u00f4t\u00e9 nord. Elle est couverte d&rsquo;une vo\u00fbte \u00e0 crois\u00e9e d&rsquo;ogives (XVIe si\u00e8cle) qui pr\u00e9sentait des traces de polychromie avant restauration. Ces quelques restes ont permis une restitution d&rsquo;un d\u00e9cor peint \u00e0 semis d&rsquo;\u00e9toiles et de croix. Les nervures carr\u00e9es pr\u00e9sentent deux quart-de-rond engrav\u00e9s.<\/p>\n\n\n\n<figure class=\"wp-block-image size-large\"><img loading=\"lazy\" decoding=\"async\" width=\"1024\" height=\"588\" src=\"https:\/\/eglisedebrie.fr\/wp-content\/uploads\/2023\/10\/BCN_T3-2018-1024x588.jpeg\" alt=\"\" class=\"wp-image-4088\" srcset=\"https:\/\/eglisedebrie.fr\/wp-content\/uploads\/2023\/10\/BCN_T3-2018-1024x588.jpeg 1024w, https:\/\/eglisedebrie.fr\/wp-content\/uploads\/2023\/10\/BCN_T3-2018-300x172.jpeg 300w, https:\/\/eglisedebrie.fr\/wp-content\/uploads\/2023\/10\/BCN_T3-2018-768x441.jpeg 768w, https:\/\/eglisedebrie.fr\/wp-content\/uploads\/2023\/10\/BCN_T3-2018-1536x882.jpeg 1536w, https:\/\/eglisedebrie.fr\/wp-content\/uploads\/2023\/10\/BCN_T3-2018-2048x1176.jpeg 2048w, https:\/\/eglisedebrie.fr\/wp-content\/uploads\/2023\/10\/BCN_T3-2018-900x517.jpeg 900w, https:\/\/eglisedebrie.fr\/wp-content\/uploads\/2023\/10\/BCN_T3-2018-1280x735.jpeg 1280w\" sizes=\"auto, (max-width: 1024px) 100vw, 1024px\" \/><\/figure>\n\n\n\n<p>La baie poss\u00e8de trois verri\u00e8res. Le <a href=\"http:\/\/eglisedebrie.fr\/?page_id=91\/#ancreR\">remplage<\/a> du XVIe si\u00e8cle compos\u00e9 de deux oculi ovo\u00efdes contient une verri\u00e8re simple sans repr\u00e9sentation figur\u00e9e.<\/p>\n\n\n\n<p>La chapelle poss\u00e8de deux tableaux :<\/p>\n\n\n\n<figure class=\"wp-block-image size-full\"><img loading=\"lazy\" decoding=\"async\" width=\"780\" height=\"403\" src=\"http:\/\/eglisedebrie.fr\/wp-content\/uploads\/2021\/02\/2018-05-17_1_BCN_chapT3-e1616435741776.png\" alt=\"\" class=\"wp-image-1388\" srcset=\"https:\/\/eglisedebrie.fr\/wp-content\/uploads\/2021\/02\/2018-05-17_1_BCN_chapT3-e1616435741776.png 780w, https:\/\/eglisedebrie.fr\/wp-content\/uploads\/2021\/02\/2018-05-17_1_BCN_chapT3-e1616435741776-300x155.png 300w, https:\/\/eglisedebrie.fr\/wp-content\/uploads\/2021\/02\/2018-05-17_1_BCN_chapT3-e1616435741776-768x397.png 768w\" sizes=\"auto, (max-width: 780px) 100vw, 780px\" \/><figcaption class=\"wp-element-caption\">Les disciples d&rsquo;Emma\u00fcs<\/figcaption><\/figure>\n\n\n\n<figure class=\"wp-block-image size-full is-resized\"><img loading=\"lazy\" decoding=\"async\" width=\"550\" height=\"780\" src=\"http:\/\/eglisedebrie.fr\/wp-content\/uploads\/2021\/02\/BCN_T3_chapelle_4-e1616435716723.png\" alt=\"\" class=\"wp-image-1393\" srcset=\"https:\/\/eglisedebrie.fr\/wp-content\/uploads\/2021\/02\/BCN_T3_chapelle_4-e1616435716723.png 550w, https:\/\/eglisedebrie.fr\/wp-content\/uploads\/2021\/02\/BCN_T3_chapelle_4-e1616435716723-212x300.png 212w\" sizes=\"auto, (max-width: 550px) 100vw, 550px\" \/><figcaption class=\"wp-element-caption\">St J\u00e9r\u00f4me<\/figcaption><\/figure>\n\n\n\n<p>La <strong>\u201cderni\u00e8re communion de saint J\u00e9r\u00f4me\u201d<\/strong> est une copie du tableau r\u00e9alis\u00e9 par le peintre bolonais Le Dominiquin en 1614 et conserv\u00e9 \u00e0 la Pinacoth\u00e8que vaticane. Le th\u00e8me repr\u00e9sente saint J\u00e9r\u00f4me \u00e0 l\u2019article de la mort d\u00e9sirant communier pour la derni\u00e8re fois entour\u00e9 de ses disciples et de sainte Paula (disciple du saint qui est co-fondatrice de son ordre). Le pr\u00eatre, accompagn\u00e9 d\u2019un diacre et d\u2019un lecteur, lui pr\u00e9sente l\u2019hostie sur une pat\u00e8ne tandis que le diacre lui tend le calice. Le lion \u00e0 ses pieds est le fid\u00e8le compagnon qu\u2019il a apprivois\u00e9 en lui retirant une \u00e9pine de la patte. Des angelots s\u2019appr\u00eatent \u00e0 porter l\u2019\u00e2me du saint au Ciel.<\/p>\n\n\n\n<p><strong>Saint J\u00e9r\u00f4me<\/strong> est charg\u00e9 par le pape Damase de traduire la Bible en latin, il y consacre sa vie. Sa version de la Bible appel\u00e9e Vulgate est reconnue comme version officielle de l\u2019\u00c9glise apr\u00e8s le Concile de Trente. Sa vie de lettr\u00e9 est admir\u00e9e durant la Renaissance, les humanistes se reconnaissent en lui et publient ses \u0153uvres compl\u00e8tes.<\/p>\n\n\n\n<figure class=\"wp-block-gallery has-nested-images columns-default is-cropped wp-block-gallery-1 is-layout-flex wp-block-gallery-is-layout-flex\">\n<figure class=\"wp-block-image size-large\"><img loading=\"lazy\" decoding=\"async\" width=\"550\" height=\"780\" data-id=\"1393\" src=\"https:\/\/eglisedebrie.fr\/wp-content\/uploads\/2021\/02\/BCN_T3_chapelle_4-e1616435716723.png\" alt=\"\" class=\"wp-image-1393\" srcset=\"https:\/\/eglisedebrie.fr\/wp-content\/uploads\/2021\/02\/BCN_T3_chapelle_4-e1616435716723.png 550w, https:\/\/eglisedebrie.fr\/wp-content\/uploads\/2021\/02\/BCN_T3_chapelle_4-e1616435716723-212x300.png 212w\" sizes=\"auto, (max-width: 550px) 100vw, 550px\" \/><figcaption class=\"wp-element-caption\">Version de l&rsquo;\u00e9glise Saint-\u00c9tienne avant restauration, auteur inconnu<\/figcaption><\/figure>\n\n\n\n<figure class=\"wp-block-image size-large\"><img loading=\"lazy\" decoding=\"async\" width=\"817\" height=\"1018\" data-id=\"3634\" src=\"https:\/\/eglisedebrie.fr\/wp-content\/uploads\/2023\/10\/tableau-st_jerome.jpg\" alt=\"\" class=\"wp-image-3634\" srcset=\"https:\/\/eglisedebrie.fr\/wp-content\/uploads\/2023\/10\/tableau-st_jerome.jpg 817w, https:\/\/eglisedebrie.fr\/wp-content\/uploads\/2023\/10\/tableau-st_jerome-241x300.jpg 241w, https:\/\/eglisedebrie.fr\/wp-content\/uploads\/2023\/10\/tableau-st_jerome-768x957.jpg 768w\" sizes=\"auto, (max-width: 817px) 100vw, 817px\" \/><figcaption class=\"wp-element-caption\">Version de l&rsquo;\u00e9glise Saint-\u00c9tienne apr\u00e8s restauration, auteur inconnu<\/figcaption><\/figure>\n\n\n\n<figure class=\"wp-block-image size-large\"><img loading=\"lazy\" decoding=\"async\" width=\"559\" height=\"920\" data-id=\"3632\" src=\"https:\/\/eglisedebrie.fr\/wp-content\/uploads\/2023\/10\/dominiquin.jpg\" alt=\"\" class=\"wp-image-3632\" srcset=\"https:\/\/eglisedebrie.fr\/wp-content\/uploads\/2023\/10\/dominiquin.jpg 559w, https:\/\/eglisedebrie.fr\/wp-content\/uploads\/2023\/10\/dominiquin-182x300.jpg 182w\" sizes=\"auto, (max-width: 559px) 100vw, 559px\" \/><figcaption class=\"wp-element-caption\">Version peinte par Le Dominiquin (mus\u00e9es du Vatican)<\/figcaption><\/figure>\n<\/figure>\n\n\n\n<p>Tous les personnages sont tourn\u00e9s vers le sujet, ils sont group\u00e9s et portent l&rsquo;attention du spectateur vers le centre du tableau. Dans la m\u00eame tentative de rapprocher personnages peints de l&rsquo;espace du spectateur par l&rsquo;illusion de la continuation de l&rsquo;espace r\u00e9el, les lignes du sol, le regard du lion et le personnage en blanc qui n\u2019est pas totalement de dos nous invitent \u00e0 entrer dans la sc\u00e8ne. <\/p>\n\n\n\n<p>Des jeux dans la composition renvoient \u00e0 des symboles forts. \u00c0 titre d&rsquo;exemple, le cierge qui forme une grande ligne droite au dessus du corps \u00e9puis\u00e9 de saint J\u00e9r\u00f4me \u00e9voque son \u00e2me sur le point de s&rsquo;\u00e9teindre. <\/p>\n","protected":false},"excerpt":{"rendered":"<p>La chapelle Saint-Claude communique avec la 3e trav\u00e9e du bas-c\u00f4t\u00e9 nord. Elle est couverte d&rsquo;une vo\u00fbte \u00e0 crois\u00e9e d&rsquo;ogives (XVIe si\u00e8cle) qui pr\u00e9sentait des traces de polychromie avant restauration. Ces quelques restes ont permis une restitution d&rsquo;un d\u00e9cor peint \u00e0 semis d&rsquo;\u00e9toiles et de croix. Les nervures carr\u00e9es pr\u00e9sentent deux quart-de-rond engrav\u00e9s. La baie poss\u00e8de [&hellip;]<\/p>\n","protected":false},"author":1,"featured_media":892,"parent":0,"menu_order":0,"comment_status":"closed","ping_status":"closed","template":"","meta":{"footnotes":""},"class_list":["post-278","page","type-page","status-publish","has-post-thumbnail","hentry"],"yoast_head":"<!-- This site is optimized with the Yoast SEO plugin v21.5 - https:\/\/yoast.com\/wordpress\/plugins\/seo\/ -->\n<title>Chapelle Saint-Claude - Eglise Saint-Etienne de Brie-Comte-Robert<\/title>\n<meta name=\"robots\" content=\"index, follow, max-snippet:-1, max-image-preview:large, max-video-preview:-1\" \/>\n<link rel=\"canonical\" href=\"https:\/\/eglisedebrie.fr\/?page_id=278\" \/>\n<meta property=\"og:locale\" content=\"fr_FR\" \/>\n<meta property=\"og:type\" content=\"article\" \/>\n<meta property=\"og:title\" content=\"Chapelle Saint-Claude - Eglise Saint-Etienne de Brie-Comte-Robert\" \/>\n<meta property=\"og:description\" content=\"La chapelle Saint-Claude communique avec la 3e trav\u00e9e du bas-c\u00f4t\u00e9 nord. Elle est couverte d&rsquo;une vo\u00fbte \u00e0 crois\u00e9e d&rsquo;ogives (XVIe si\u00e8cle) qui pr\u00e9sentait des traces de polychromie avant restauration. Ces quelques restes ont permis une restitution d&rsquo;un d\u00e9cor peint \u00e0 semis d&rsquo;\u00e9toiles et de croix. Les nervures carr\u00e9es pr\u00e9sentent deux quart-de-rond engrav\u00e9s. La baie poss\u00e8de [&hellip;]\" \/>\n<meta property=\"og:url\" content=\"https:\/\/eglisedebrie.fr\/?page_id=278\" \/>\n<meta property=\"og:site_name\" content=\"Eglise Saint-Etienne de Brie-Comte-Robert\" \/>\n<meta property=\"article:modified_time\" content=\"2023-10-28T16:08:32+00:00\" \/>\n<meta property=\"og:image\" content=\"https:\/\/eglisedebrie.fr\/wp-content\/uploads\/2021\/01\/BCN_T3-2018-scaled-1.jpeg\" \/>\n\t<meta property=\"og:image:width\" content=\"2560\" \/>\n\t<meta property=\"og:image:height\" content=\"1469\" \/>\n\t<meta property=\"og:image:type\" content=\"image\/jpeg\" \/>\n<meta name=\"twitter:card\" content=\"summary_large_image\" \/>\n<meta name=\"twitter:label1\" content=\"Dur\u00e9e de lecture estim\u00e9e\" \/>\n\t<meta name=\"twitter:data1\" content=\"2 minutes\" \/>\n<script type=\"application\/ld+json\" class=\"yoast-schema-graph\">{\"@context\":\"https:\/\/schema.org\",\"@graph\":[{\"@type\":\"WebPage\",\"@id\":\"https:\/\/eglisedebrie.fr\/?page_id=278\",\"url\":\"https:\/\/eglisedebrie.fr\/?page_id=278\",\"name\":\"Chapelle Saint-Claude - Eglise Saint-Etienne de Brie-Comte-Robert\",\"isPartOf\":{\"@id\":\"https:\/\/eglisedebrie.fr\/#website\"},\"datePublished\":\"2021-01-10T15:44:59+00:00\",\"dateModified\":\"2023-10-28T16:08:32+00:00\",\"breadcrumb\":{\"@id\":\"https:\/\/eglisedebrie.fr\/?page_id=278#breadcrumb\"},\"inLanguage\":\"fr-FR\",\"potentialAction\":[{\"@type\":\"ReadAction\",\"target\":[\"https:\/\/eglisedebrie.fr\/?page_id=278\"]}]},{\"@type\":\"BreadcrumbList\",\"@id\":\"https:\/\/eglisedebrie.fr\/?page_id=278#breadcrumb\",\"itemListElement\":[{\"@type\":\"ListItem\",\"position\":1,\"name\":\"Accueil\",\"item\":\"https:\/\/eglisedebrie.fr\/\"},{\"@type\":\"ListItem\",\"position\":2,\"name\":\"Chapelle Saint-Claude\"}]},{\"@type\":\"WebSite\",\"@id\":\"https:\/\/eglisedebrie.fr\/#website\",\"url\":\"https:\/\/eglisedebrie.fr\/\",\"name\":\"Eglise Saint-Etienne de Brie-Comte-Robert\",\"description\":\"\u00a9 Les Amis du Vieux Ch\u00e2teau\",\"potentialAction\":[{\"@type\":\"SearchAction\",\"target\":{\"@type\":\"EntryPoint\",\"urlTemplate\":\"https:\/\/eglisedebrie.fr\/?s={search_term_string}\"},\"query-input\":\"required name=search_term_string\"}],\"inLanguage\":\"fr-FR\"}]}<\/script>\n<!-- \/ Yoast SEO plugin. -->","yoast_head_json":{"title":"Chapelle Saint-Claude - Eglise Saint-Etienne de Brie-Comte-Robert","robots":{"index":"index","follow":"follow","max-snippet":"max-snippet:-1","max-image-preview":"max-image-preview:large","max-video-preview":"max-video-preview:-1"},"canonical":"https:\/\/eglisedebrie.fr\/?page_id=278","og_locale":"fr_FR","og_type":"article","og_title":"Chapelle Saint-Claude - Eglise Saint-Etienne de Brie-Comte-Robert","og_description":"La chapelle Saint-Claude communique avec la 3e trav\u00e9e du bas-c\u00f4t\u00e9 nord. Elle est couverte d&rsquo;une vo\u00fbte \u00e0 crois\u00e9e d&rsquo;ogives (XVIe si\u00e8cle) qui pr\u00e9sentait des traces de polychromie avant restauration. Ces quelques restes ont permis une restitution d&rsquo;un d\u00e9cor peint \u00e0 semis d&rsquo;\u00e9toiles et de croix. Les nervures carr\u00e9es pr\u00e9sentent deux quart-de-rond engrav\u00e9s. La baie poss\u00e8de [&hellip;]","og_url":"https:\/\/eglisedebrie.fr\/?page_id=278","og_site_name":"Eglise Saint-Etienne de Brie-Comte-Robert","article_modified_time":"2023-10-28T16:08:32+00:00","og_image":[{"width":2560,"height":1469,"url":"https:\/\/eglisedebrie.fr\/wp-content\/uploads\/2021\/01\/BCN_T3-2018-scaled-1.jpeg","type":"image\/jpeg"}],"twitter_card":"summary_large_image","twitter_misc":{"Dur\u00e9e de lecture estim\u00e9e":"2 minutes"},"schema":{"@context":"https:\/\/schema.org","@graph":[{"@type":"WebPage","@id":"https:\/\/eglisedebrie.fr\/?page_id=278","url":"https:\/\/eglisedebrie.fr\/?page_id=278","name":"Chapelle Saint-Claude - Eglise Saint-Etienne de Brie-Comte-Robert","isPartOf":{"@id":"https:\/\/eglisedebrie.fr\/#website"},"datePublished":"2021-01-10T15:44:59+00:00","dateModified":"2023-10-28T16:08:32+00:00","breadcrumb":{"@id":"https:\/\/eglisedebrie.fr\/?page_id=278#breadcrumb"},"inLanguage":"fr-FR","potentialAction":[{"@type":"ReadAction","target":["https:\/\/eglisedebrie.fr\/?page_id=278"]}]},{"@type":"BreadcrumbList","@id":"https:\/\/eglisedebrie.fr\/?page_id=278#breadcrumb","itemListElement":[{"@type":"ListItem","position":1,"name":"Accueil","item":"https:\/\/eglisedebrie.fr\/"},{"@type":"ListItem","position":2,"name":"Chapelle Saint-Claude"}]},{"@type":"WebSite","@id":"https:\/\/eglisedebrie.fr\/#website","url":"https:\/\/eglisedebrie.fr\/","name":"Eglise Saint-Etienne de Brie-Comte-Robert","description":"\u00a9 Les Amis du Vieux Ch\u00e2teau","potentialAction":[{"@type":"SearchAction","target":{"@type":"EntryPoint","urlTemplate":"https:\/\/eglisedebrie.fr\/?s={search_term_string}"},"query-input":"required name=search_term_string"}],"inLanguage":"fr-FR"}]}},"_links":{"self":[{"href":"https:\/\/eglisedebrie.fr\/index.php?rest_route=\/wp\/v2\/pages\/278","targetHints":{"allow":["GET"]}}],"collection":[{"href":"https:\/\/eglisedebrie.fr\/index.php?rest_route=\/wp\/v2\/pages"}],"about":[{"href":"https:\/\/eglisedebrie.fr\/index.php?rest_route=\/wp\/v2\/types\/page"}],"author":[{"embeddable":true,"href":"https:\/\/eglisedebrie.fr\/index.php?rest_route=\/wp\/v2\/users\/1"}],"replies":[{"embeddable":true,"href":"https:\/\/eglisedebrie.fr\/index.php?rest_route=%2Fwp%2Fv2%2Fcomments&post=278"}],"version-history":[{"count":7,"href":"https:\/\/eglisedebrie.fr\/index.php?rest_route=\/wp\/v2\/pages\/278\/revisions"}],"predecessor-version":[{"id":4192,"href":"https:\/\/eglisedebrie.fr\/index.php?rest_route=\/wp\/v2\/pages\/278\/revisions\/4192"}],"wp:featuredmedia":[{"embeddable":true,"href":"https:\/\/eglisedebrie.fr\/index.php?rest_route=\/wp\/v2\/media\/892"}],"wp:attachment":[{"href":"https:\/\/eglisedebrie.fr\/index.php?rest_route=%2Fwp%2Fv2%2Fmedia&parent=278"}],"curies":[{"name":"wp","href":"https:\/\/api.w.org\/{rel}","templated":true}]}}