{"id":212,"date":"2021-01-08T17:33:12","date_gmt":"2021-01-08T16:33:12","guid":{"rendered":"http:\/\/testeglise.ovh\/?page_id=212"},"modified":"2023-10-20T15:40:32","modified_gmt":"2023-10-20T13:40:32","slug":"vitraux","status":"publish","type":"page","link":"https:\/\/eglisedebrie.fr\/?page_id=212","title":{"rendered":"Vitraux"},"content":{"rendered":"\n<h2 class=\"wp-block-heading\">Vitraux hauts de la nef<\/h2>\n\n\n\n<p class=\"has-accent-color has-text-color\"><em>Cliquer sur une vignette pour passer en mode diaporama.<\/em><\/p>\n\n\n\n<figure class=\"wp-block-gallery has-nested-images columns-4 is-cropped wp-block-gallery-1 is-layout-flex wp-block-gallery-is-layout-flex\">\n<figure class=\"wp-block-image size-large\"><img loading=\"lazy\" decoding=\"async\" width=\"172\" height=\"600\" data-id=\"2652\" src=\"https:\/\/eglisedebrie.fr\/wp-content\/uploads\/2021\/03\/V8-Pere-eglise.jpg\" alt=\"\" class=\"wp-image-2652\" srcset=\"https:\/\/eglisedebrie.fr\/wp-content\/uploads\/2021\/03\/V8-Pere-eglise.jpg 172w, https:\/\/eglisedebrie.fr\/wp-content\/uploads\/2021\/03\/V8-Pere-eglise-86x300.jpg 86w\" sizes=\"auto, (max-width: 172px) 100vw, 172px\" \/><\/figure>\n\n\n\n<figure class=\"wp-block-image size-large\"><img loading=\"lazy\" decoding=\"async\" width=\"172\" height=\"600\" data-id=\"2649\" src=\"https:\/\/eglisedebrie.fr\/wp-content\/uploads\/2021\/03\/V7-Pere-eglise.jpg\" alt=\"\" class=\"wp-image-2649\" srcset=\"https:\/\/eglisedebrie.fr\/wp-content\/uploads\/2021\/03\/V7-Pere-eglise.jpg 172w, https:\/\/eglisedebrie.fr\/wp-content\/uploads\/2021\/03\/V7-Pere-eglise-86x300.jpg 86w\" sizes=\"auto, (max-width: 172px) 100vw, 172px\" \/><\/figure>\n\n\n\n<figure class=\"wp-block-image size-large\"><img loading=\"lazy\" decoding=\"async\" width=\"172\" height=\"600\" data-id=\"2651\" src=\"https:\/\/eglisedebrie.fr\/wp-content\/uploads\/2021\/03\/V6-Martin.jpg\" alt=\"\" class=\"wp-image-2651\" srcset=\"https:\/\/eglisedebrie.fr\/wp-content\/uploads\/2021\/03\/V6-Martin.jpg 172w, https:\/\/eglisedebrie.fr\/wp-content\/uploads\/2021\/03\/V6-Martin-86x300.jpg 86w\" sizes=\"auto, (max-width: 172px) 100vw, 172px\" \/><\/figure>\n\n\n\n<figure class=\"wp-block-image size-large\"><img loading=\"lazy\" decoding=\"async\" width=\"188\" height=\"600\" data-id=\"2646\" src=\"https:\/\/eglisedebrie.fr\/wp-content\/uploads\/2021\/03\/V2-Vierge-a-lenfant.jpg\" alt=\"\" class=\"wp-image-2646\" srcset=\"https:\/\/eglisedebrie.fr\/wp-content\/uploads\/2021\/03\/V2-Vierge-a-lenfant.jpg 188w, https:\/\/eglisedebrie.fr\/wp-content\/uploads\/2021\/03\/V2-Vierge-a-lenfant-94x300.jpg 94w\" sizes=\"auto, (max-width: 188px) 100vw, 188px\" \/><\/figure>\n\n\n\n<figure class=\"wp-block-image size-large\"><img loading=\"lazy\" decoding=\"async\" width=\"181\" height=\"600\" data-id=\"2645\" src=\"https:\/\/eglisedebrie.fr\/wp-content\/uploads\/2021\/03\/V1-Diacre-Etienne.jpg\" alt=\"\" class=\"wp-image-2645\"\/><\/figure>\n\n\n\n<figure class=\"wp-block-image size-large\"><img loading=\"lazy\" decoding=\"async\" width=\"172\" height=\"600\" data-id=\"2650\" src=\"https:\/\/eglisedebrie.fr\/wp-content\/uploads\/2021\/03\/V4-Jacques-le-majeur.jpg\" alt=\"\" class=\"wp-image-2650\" srcset=\"https:\/\/eglisedebrie.fr\/wp-content\/uploads\/2021\/03\/V4-Jacques-le-majeur.jpg 172w, https:\/\/eglisedebrie.fr\/wp-content\/uploads\/2021\/03\/V4-Jacques-le-majeur-86x300.jpg 86w\" sizes=\"auto, (max-width: 172px) 100vw, 172px\" \/><\/figure>\n\n\n\n<figure class=\"wp-block-image size-large\"><img loading=\"lazy\" decoding=\"async\" width=\"172\" height=\"600\" data-id=\"2648\" src=\"https:\/\/eglisedebrie.fr\/wp-content\/uploads\/2021\/03\/V5-Germain.jpg\" alt=\"\" class=\"wp-image-2648\" srcset=\"https:\/\/eglisedebrie.fr\/wp-content\/uploads\/2021\/03\/V5-Germain.jpg 172w, https:\/\/eglisedebrie.fr\/wp-content\/uploads\/2021\/03\/V5-Germain-86x300.jpg 86w\" sizes=\"auto, (max-width: 172px) 100vw, 172px\" \/><\/figure>\n\n\n\n<figure class=\"wp-block-image size-large\"><img loading=\"lazy\" decoding=\"async\" width=\"160\" height=\"600\" data-id=\"2647\" src=\"https:\/\/eglisedebrie.fr\/wp-content\/uploads\/2021\/03\/V3-Andre.jpg\" alt=\"\" class=\"wp-image-2647\" srcset=\"https:\/\/eglisedebrie.fr\/wp-content\/uploads\/2021\/03\/V3-Andre.jpg 160w, https:\/\/eglisedebrie.fr\/wp-content\/uploads\/2021\/03\/V3-Andre-80x300.jpg 80w\" sizes=\"auto, (max-width: 160px) 100vw, 160px\" \/><\/figure>\n<\/figure>\n\n\n\n<p class=\"has-accent-color has-text-color\"><em>En cliquant sur une vignette vous mettez le diaporama en mode manuel (fl\u00e8che gauche ou droite)<\/em><\/p>\n\n\n\n<h2 class=\"wp-block-heading\" id=\"ancreMois\">Les mois de la rosace du ch\u0153ur<\/h2>\n\n\n\n<div class=\"wp-block-group\"><div class=\"wp-block-group__inner-container is-layout-constrained wp-block-group-is-layout-constrained\">\n<figure class=\"wp-block-gallery has-nested-images columns-default is-cropped wp-block-gallery-2 is-layout-flex wp-block-gallery-is-layout-flex\">\n<figure class=\"wp-block-image size-large\"><img loading=\"lazy\" decoding=\"async\" width=\"780\" height=\"612\" data-id=\"1088\" src=\"https:\/\/eglisedebrie.fr\/wp-content\/uploads\/2021\/01\/Janvier_janus-e1616435927369.png\" alt=\"\" class=\"wp-image-1088\" srcset=\"https:\/\/eglisedebrie.fr\/wp-content\/uploads\/2021\/01\/Janvier_janus-e1616435927369.png 780w, https:\/\/eglisedebrie.fr\/wp-content\/uploads\/2021\/01\/Janvier_janus-e1616435927369-300x235.png 300w, https:\/\/eglisedebrie.fr\/wp-content\/uploads\/2021\/01\/Janvier_janus-e1616435927369-768x603.png 768w\" sizes=\"auto, (max-width: 780px) 100vw, 780px\" \/><figcaption class=\"wp-element-caption\">Epiphanie<\/figcaption><\/figure>\n\n\n\n<figure class=\"wp-block-image size-large\"><img loading=\"lazy\" decoding=\"async\" width=\"780\" height=\"638\" data-id=\"1087\" src=\"https:\/\/eglisedebrie.fr\/wp-content\/uploads\/2021\/01\/fevrier_foyer-e1616435940425.png\" alt=\"\" class=\"wp-image-1087\" srcset=\"https:\/\/eglisedebrie.fr\/wp-content\/uploads\/2021\/01\/fevrier_foyer-e1616435940425.png 780w, https:\/\/eglisedebrie.fr\/wp-content\/uploads\/2021\/01\/fevrier_foyer-e1616435940425-300x245.png 300w, https:\/\/eglisedebrie.fr\/wp-content\/uploads\/2021\/01\/fevrier_foyer-e1616435940425-768x628.png 768w\" sizes=\"auto, (max-width: 780px) 100vw, 780px\" \/><figcaption class=\"wp-element-caption\">F\u00e9vrier<\/figcaption><\/figure>\n\n\n\n<figure class=\"wp-block-image size-large\"><img loading=\"lazy\" decoding=\"async\" width=\"780\" height=\"754\" data-id=\"1086\" src=\"https:\/\/eglisedebrie.fr\/wp-content\/uploads\/2021\/01\/mars_taille-e1616435952751.png\" alt=\"\" class=\"wp-image-1086\" srcset=\"https:\/\/eglisedebrie.fr\/wp-content\/uploads\/2021\/01\/mars_taille-e1616435952751.png 780w, https:\/\/eglisedebrie.fr\/wp-content\/uploads\/2021\/01\/mars_taille-e1616435952751-300x290.png 300w, https:\/\/eglisedebrie.fr\/wp-content\/uploads\/2021\/01\/mars_taille-e1616435952751-768x742.png 768w\" sizes=\"auto, (max-width: 780px) 100vw, 780px\" \/><figcaption class=\"wp-element-caption\">Taille<\/figcaption><\/figure>\n\n\n\n<figure class=\"wp-block-image size-large\"><img loading=\"lazy\" decoding=\"async\" width=\"780\" height=\"907\" data-id=\"1085\" src=\"https:\/\/eglisedebrie.fr\/wp-content\/uploads\/2021\/01\/mai_fauconnier-e1616435962354.png\" alt=\"\" class=\"wp-image-1085\" srcset=\"https:\/\/eglisedebrie.fr\/wp-content\/uploads\/2021\/01\/mai_fauconnier-e1616435962354.png 780w, https:\/\/eglisedebrie.fr\/wp-content\/uploads\/2021\/01\/mai_fauconnier-e1616435962354-258x300.png 258w, https:\/\/eglisedebrie.fr\/wp-content\/uploads\/2021\/01\/mai_fauconnier-e1616435962354-768x893.png 768w\" sizes=\"auto, (max-width: 780px) 100vw, 780px\" \/><figcaption class=\"wp-element-caption\">Chasse au faucon<\/figcaption><\/figure>\n\n\n\n<figure class=\"wp-block-image size-large\"><img loading=\"lazy\" decoding=\"async\" width=\"780\" height=\"941\" data-id=\"1083\" src=\"https:\/\/eglisedebrie.fr\/wp-content\/uploads\/2021\/01\/avril_prince-e1616435973804.png\" alt=\"\" class=\"wp-image-1083\" srcset=\"https:\/\/eglisedebrie.fr\/wp-content\/uploads\/2021\/01\/avril_prince-e1616435973804.png 780w, https:\/\/eglisedebrie.fr\/wp-content\/uploads\/2021\/01\/avril_prince-e1616435973804-249x300.png 249w, https:\/\/eglisedebrie.fr\/wp-content\/uploads\/2021\/01\/avril_prince-e1616435973804-768x927.png 768w\" sizes=\"auto, (max-width: 780px) 100vw, 780px\" \/><figcaption class=\"wp-element-caption\">Prince de la jeunesse<\/figcaption><\/figure>\n\n\n\n<figure class=\"wp-block-image size-large\"><img loading=\"lazy\" decoding=\"async\" width=\"780\" height=\"781\" data-id=\"1082\" src=\"https:\/\/eglisedebrie.fr\/wp-content\/uploads\/2021\/01\/juin_faux-e1616435983875.png\" alt=\"\" class=\"wp-image-1082\" srcset=\"https:\/\/eglisedebrie.fr\/wp-content\/uploads\/2021\/01\/juin_faux-e1616435983875.png 780w, https:\/\/eglisedebrie.fr\/wp-content\/uploads\/2021\/01\/juin_faux-e1616435983875-300x300.png 300w, https:\/\/eglisedebrie.fr\/wp-content\/uploads\/2021\/01\/juin_faux-e1616435983875-150x150.png 150w, https:\/\/eglisedebrie.fr\/wp-content\/uploads\/2021\/01\/juin_faux-e1616435983875-768x769.png 768w\" sizes=\"auto, (max-width: 780px) 100vw, 780px\" \/><\/figure>\n\n\n\n<figure class=\"wp-block-image size-large\"><img loading=\"lazy\" decoding=\"async\" width=\"780\" height=\"610\" data-id=\"1081\" src=\"https:\/\/eglisedebrie.fr\/wp-content\/uploads\/2021\/01\/aout_battage-e1616435994716.png\" alt=\"\" class=\"wp-image-1081\" srcset=\"https:\/\/eglisedebrie.fr\/wp-content\/uploads\/2021\/01\/aout_battage-e1616435994716.png 780w, https:\/\/eglisedebrie.fr\/wp-content\/uploads\/2021\/01\/aout_battage-e1616435994716-300x235.png 300w, https:\/\/eglisedebrie.fr\/wp-content\/uploads\/2021\/01\/aout_battage-e1616435994716-768x601.png 768w\" sizes=\"auto, (max-width: 780px) 100vw, 780px\" \/><figcaption class=\"wp-element-caption\">Battage<\/figcaption><\/figure>\n\n\n\n<figure class=\"wp-block-image size-large\"><img loading=\"lazy\" decoding=\"async\" width=\"775\" height=\"1024\" data-id=\"1080\" src=\"https:\/\/eglisedebrie.fr\/wp-content\/uploads\/2021\/01\/novembre_porcher-e1616436003153-775x1024.png\" alt=\"\" class=\"wp-image-1080\" srcset=\"https:\/\/eglisedebrie.fr\/wp-content\/uploads\/2021\/01\/novembre_porcher-e1616436003153-775x1024.png 775w, https:\/\/eglisedebrie.fr\/wp-content\/uploads\/2021\/01\/novembre_porcher-e1616436003153-227x300.png 227w, https:\/\/eglisedebrie.fr\/wp-content\/uploads\/2021\/01\/novembre_porcher-e1616436003153-768x1014.png 768w, https:\/\/eglisedebrie.fr\/wp-content\/uploads\/2021\/01\/novembre_porcher-e1616436003153.png 780w\" sizes=\"auto, (max-width: 775px) 100vw, 775px\" \/><figcaption class=\"wp-element-caption\">Cochon<\/figcaption><\/figure>\n\n\n\n<figure class=\"wp-block-image size-large\"><img loading=\"lazy\" decoding=\"async\" width=\"780\" height=\"754\" data-id=\"1079\" src=\"https:\/\/eglisedebrie.fr\/wp-content\/uploads\/2021\/01\/decembre_cochon-e1616436013266.png\" alt=\"\" class=\"wp-image-1079\" srcset=\"https:\/\/eglisedebrie.fr\/wp-content\/uploads\/2021\/01\/decembre_cochon-e1616436013266.png 780w, https:\/\/eglisedebrie.fr\/wp-content\/uploads\/2021\/01\/decembre_cochon-e1616436013266-300x290.png 300w, https:\/\/eglisedebrie.fr\/wp-content\/uploads\/2021\/01\/decembre_cochon-e1616436013266-768x742.png 768w\" sizes=\"auto, (max-width: 780px) 100vw, 780px\" \/><figcaption class=\"wp-element-caption\">Gland\u00e9e<\/figcaption><\/figure>\n\n\n\n<figure class=\"wp-block-image size-large\"><img loading=\"lazy\" decoding=\"async\" width=\"780\" height=\"794\" data-id=\"1078\" src=\"https:\/\/eglisedebrie.fr\/wp-content\/uploads\/2021\/01\/septembre_vendange-e1616436027938.png\" alt=\"\" class=\"wp-image-1078\" srcset=\"https:\/\/eglisedebrie.fr\/wp-content\/uploads\/2021\/01\/septembre_vendange-e1616436027938.png 780w, https:\/\/eglisedebrie.fr\/wp-content\/uploads\/2021\/01\/septembre_vendange-e1616436027938-295x300.png 295w, https:\/\/eglisedebrie.fr\/wp-content\/uploads\/2021\/01\/septembre_vendange-e1616436027938-768x782.png 768w\" sizes=\"auto, (max-width: 780px) 100vw, 780px\" \/><figcaption class=\"wp-element-caption\">Vendange<\/figcaption><\/figure>\n\n\n\n<figure class=\"wp-block-image size-large\"><img loading=\"lazy\" decoding=\"async\" width=\"780\" height=\"946\" data-id=\"1077\" src=\"https:\/\/eglisedebrie.fr\/wp-content\/uploads\/2021\/01\/octobre_ouillage-e1616436037251.png\" alt=\"\" class=\"wp-image-1077\" srcset=\"https:\/\/eglisedebrie.fr\/wp-content\/uploads\/2021\/01\/octobre_ouillage-e1616436037251.png 780w, https:\/\/eglisedebrie.fr\/wp-content\/uploads\/2021\/01\/octobre_ouillage-e1616436037251-247x300.png 247w, https:\/\/eglisedebrie.fr\/wp-content\/uploads\/2021\/01\/octobre_ouillage-e1616436037251-768x931.png 768w\" sizes=\"auto, (max-width: 780px) 100vw, 780px\" \/><figcaption class=\"wp-element-caption\">Ouillage<\/figcaption><\/figure>\n\n\n\n<figure class=\"wp-block-image size-large\"><img loading=\"lazy\" decoding=\"async\" width=\"780\" height=\"570\" data-id=\"1076\" src=\"https:\/\/eglisedebrie.fr\/wp-content\/uploads\/2021\/01\/juillet_moisson-e1616436049638.png\" alt=\"\" class=\"wp-image-1076\" srcset=\"https:\/\/eglisedebrie.fr\/wp-content\/uploads\/2021\/01\/juillet_moisson-e1616436049638.png 780w, https:\/\/eglisedebrie.fr\/wp-content\/uploads\/2021\/01\/juillet_moisson-e1616436049638-300x219.png 300w, https:\/\/eglisedebrie.fr\/wp-content\/uploads\/2021\/01\/juillet_moisson-e1616436049638-768x561.png 768w\" sizes=\"auto, (max-width: 780px) 100vw, 780px\" \/><figcaption class=\"wp-element-caption\">Moisson<\/figcaption><\/figure>\n<\/figure>\n<\/div><\/div>\n\n\n\n<h2 class=\"wp-block-heading\">Les ap\u00f4tres de la rosace du ch\u0153ur<\/h2>\n\n\n\n<figure class=\"wp-block-gallery has-nested-images columns-default is-cropped wp-block-gallery-3 is-layout-flex wp-block-gallery-is-layout-flex\">\n<figure class=\"wp-block-image size-full\"><img loading=\"lazy\" decoding=\"async\" width=\"881\" height=\"901\" data-id=\"3886\" src=\"http:\/\/eglisedebrie.fr\/wp-content\/uploads\/2023\/10\/MatthieuVisage.png\" alt=\"\" class=\"wp-image-3886\" srcset=\"https:\/\/eglisedebrie.fr\/wp-content\/uploads\/2023\/10\/MatthieuVisage.png 881w, https:\/\/eglisedebrie.fr\/wp-content\/uploads\/2023\/10\/MatthieuVisage-293x300.png 293w, https:\/\/eglisedebrie.fr\/wp-content\/uploads\/2023\/10\/MatthieuVisage-768x785.png 768w\" sizes=\"auto, (max-width: 881px) 100vw, 881px\" \/><\/figure>\n\n\n\n<figure class=\"wp-block-image size-full\"><img loading=\"lazy\" decoding=\"async\" width=\"438\" height=\"519\" data-id=\"3884\" src=\"http:\/\/eglisedebrie.fr\/wp-content\/uploads\/2023\/10\/JeanBaptVisage2.png\" alt=\"\" class=\"wp-image-3884\" srcset=\"https:\/\/eglisedebrie.fr\/wp-content\/uploads\/2023\/10\/JeanBaptVisage2.png 438w, https:\/\/eglisedebrie.fr\/wp-content\/uploads\/2023\/10\/JeanBaptVisage2-253x300.png 253w\" sizes=\"auto, (max-width: 438px) 100vw, 438px\" \/><figcaption class=\"wp-element-caption\">St Jean Baptiste<\/figcaption><\/figure>\n\n\n\n<figure class=\"wp-block-image size-large\"><img loading=\"lazy\" decoding=\"async\" width=\"948\" height=\"1024\" data-id=\"3883\" src=\"http:\/\/eglisedebrie.fr\/wp-content\/uploads\/2023\/10\/JacquesMajVisage_pb-948x1024.png\" alt=\"\" class=\"wp-image-3883\" srcset=\"https:\/\/eglisedebrie.fr\/wp-content\/uploads\/2023\/10\/JacquesMajVisage_pb-948x1024.png 948w, https:\/\/eglisedebrie.fr\/wp-content\/uploads\/2023\/10\/JacquesMajVisage_pb-278x300.png 278w, https:\/\/eglisedebrie.fr\/wp-content\/uploads\/2023\/10\/JacquesMajVisage_pb-768x830.png 768w, https:\/\/eglisedebrie.fr\/wp-content\/uploads\/2023\/10\/JacquesMajVisage_pb-900x972.png 900w, https:\/\/eglisedebrie.fr\/wp-content\/uploads\/2023\/10\/JacquesMajVisage_pb.png 1047w\" sizes=\"auto, (max-width: 948px) 100vw, 948px\" \/><\/figure>\n\n\n\n<figure class=\"wp-block-image size-full\"><img loading=\"lazy\" decoding=\"async\" width=\"768\" height=\"862\" data-id=\"3882\" src=\"http:\/\/eglisedebrie.fr\/wp-content\/uploads\/2023\/10\/Jacques-MinVisage.png\" alt=\"\" class=\"wp-image-3882\" srcset=\"https:\/\/eglisedebrie.fr\/wp-content\/uploads\/2023\/10\/Jacques-MinVisage.png 768w, https:\/\/eglisedebrie.fr\/wp-content\/uploads\/2023\/10\/Jacques-MinVisage-267x300.png 267w\" sizes=\"auto, (max-width: 768px) 100vw, 768px\" \/><figcaption class=\"wp-element-caption\">St Jacques le mineur<\/figcaption><\/figure>\n\n\n\n<figure class=\"wp-block-image size-large\"><img loading=\"lazy\" decoding=\"async\" width=\"827\" height=\"1024\" data-id=\"3885\" src=\"http:\/\/eglisedebrie.fr\/wp-content\/uploads\/2023\/10\/JeanVisage-827x1024.png\" alt=\"\" class=\"wp-image-3885\" srcset=\"https:\/\/eglisedebrie.fr\/wp-content\/uploads\/2023\/10\/JeanVisage-827x1024.png 827w, https:\/\/eglisedebrie.fr\/wp-content\/uploads\/2023\/10\/JeanVisage-242x300.png 242w, https:\/\/eglisedebrie.fr\/wp-content\/uploads\/2023\/10\/JeanVisage-768x951.png 768w, https:\/\/eglisedebrie.fr\/wp-content\/uploads\/2023\/10\/JeanVisage-900x1114.png 900w, https:\/\/eglisedebrie.fr\/wp-content\/uploads\/2023\/10\/JeanVisage.png 1108w\" sizes=\"auto, (max-width: 827px) 100vw, 827px\" \/><figcaption class=\"wp-element-caption\">St Jean<\/figcaption><\/figure>\n\n\n\n<figure class=\"wp-block-image size-large\"><img loading=\"lazy\" decoding=\"async\" width=\"894\" height=\"1024\" data-id=\"3887\" src=\"http:\/\/eglisedebrie.fr\/wp-content\/uploads\/2023\/10\/Paul-visage-894x1024.png\" alt=\"\" class=\"wp-image-3887\" srcset=\"https:\/\/eglisedebrie.fr\/wp-content\/uploads\/2023\/10\/Paul-visage-894x1024.png 894w, https:\/\/eglisedebrie.fr\/wp-content\/uploads\/2023\/10\/Paul-visage-262x300.png 262w, https:\/\/eglisedebrie.fr\/wp-content\/uploads\/2023\/10\/Paul-visage-768x879.png 768w, https:\/\/eglisedebrie.fr\/wp-content\/uploads\/2023\/10\/Paul-visage-900x1030.png 900w, https:\/\/eglisedebrie.fr\/wp-content\/uploads\/2023\/10\/Paul-visage.png 1167w\" sizes=\"auto, (max-width: 894px) 100vw, 894px\" \/><figcaption class=\"wp-element-caption\">St Paul<\/figcaption><\/figure>\n\n\n\n<figure class=\"wp-block-image size-large\"><img loading=\"lazy\" decoding=\"async\" width=\"853\" height=\"1024\" data-id=\"3888\" src=\"http:\/\/eglisedebrie.fr\/wp-content\/uploads\/2023\/10\/PhilippeVisage_pb-853x1024.png\" alt=\"\" class=\"wp-image-3888\" srcset=\"https:\/\/eglisedebrie.fr\/wp-content\/uploads\/2023\/10\/PhilippeVisage_pb-853x1024.png 853w, https:\/\/eglisedebrie.fr\/wp-content\/uploads\/2023\/10\/PhilippeVisage_pb-250x300.png 250w, https:\/\/eglisedebrie.fr\/wp-content\/uploads\/2023\/10\/PhilippeVisage_pb-768x922.png 768w, https:\/\/eglisedebrie.fr\/wp-content\/uploads\/2023\/10\/PhilippeVisage_pb-900x1080.png 900w, https:\/\/eglisedebrie.fr\/wp-content\/uploads\/2023\/10\/PhilippeVisage_pb.png 1184w\" sizes=\"auto, (max-width: 853px) 100vw, 853px\" \/><figcaption class=\"wp-element-caption\">St Philippe<\/figcaption><\/figure>\n\n\n\n<figure class=\"wp-block-image size-large\"><img loading=\"lazy\" decoding=\"async\" width=\"963\" height=\"1024\" data-id=\"3890\" src=\"http:\/\/eglisedebrie.fr\/wp-content\/uploads\/2023\/10\/ThomasVisage_pb-963x1024.png\" alt=\"\" class=\"wp-image-3890\" srcset=\"https:\/\/eglisedebrie.fr\/wp-content\/uploads\/2023\/10\/ThomasVisage_pb-963x1024.png 963w, https:\/\/eglisedebrie.fr\/wp-content\/uploads\/2023\/10\/ThomasVisage_pb-282x300.png 282w, https:\/\/eglisedebrie.fr\/wp-content\/uploads\/2023\/10\/ThomasVisage_pb-768x817.png 768w, https:\/\/eglisedebrie.fr\/wp-content\/uploads\/2023\/10\/ThomasVisage_pb-900x957.png 900w, https:\/\/eglisedebrie.fr\/wp-content\/uploads\/2023\/10\/ThomasVisage_pb.png 1043w\" sizes=\"auto, (max-width: 963px) 100vw, 963px\" \/><figcaption class=\"wp-element-caption\">St Thomas<\/figcaption><\/figure>\n\n\n\n<figure class=\"wp-block-image size-large\"><img loading=\"lazy\" decoding=\"async\" width=\"835\" height=\"1024\" data-id=\"3889\" src=\"http:\/\/eglisedebrie.fr\/wp-content\/uploads\/2023\/10\/PierreVisage-835x1024.png\" alt=\"\" class=\"wp-image-3889\" srcset=\"https:\/\/eglisedebrie.fr\/wp-content\/uploads\/2023\/10\/PierreVisage-835x1024.png 835w, https:\/\/eglisedebrie.fr\/wp-content\/uploads\/2023\/10\/PierreVisage-245x300.png 245w, https:\/\/eglisedebrie.fr\/wp-content\/uploads\/2023\/10\/PierreVisage-768x942.png 768w, https:\/\/eglisedebrie.fr\/wp-content\/uploads\/2023\/10\/PierreVisage-900x1103.png 900w, https:\/\/eglisedebrie.fr\/wp-content\/uploads\/2023\/10\/PierreVisage.png 1164w\" sizes=\"auto, (max-width: 835px) 100vw, 835px\" \/><figcaption class=\"wp-element-caption\">St Pierre<\/figcaption><\/figure>\n<\/figure>\n\n\n\n<h2 class=\"wp-block-heading\">Vitraux des chapelles nord<\/h2>\n\n\n\n<figure class=\"wp-block-gallery has-nested-images columns-4 is-cropped wp-block-gallery-4 is-layout-flex wp-block-gallery-is-layout-flex\">\n<figure class=\"wp-block-image size-large\"><img loading=\"lazy\" decoding=\"async\" width=\"300\" height=\"197\" data-id=\"490\" src=\"https:\/\/eglisedebrie.fr\/wp-content\/uploads\/2021\/01\/A-chapelle-baptismale.jpg\" alt=\"\" class=\"wp-image-490\"\/><\/figure>\n\n\n\n<figure class=\"wp-block-image size-large\"><img loading=\"lazy\" decoding=\"async\" width=\"682\" height=\"1024\" data-id=\"682\" src=\"https:\/\/eglisedebrie.fr\/wp-content\/uploads\/2021\/01\/chap-bapt01-682x1024.jpeg\" alt=\"\" class=\"wp-image-682\" srcset=\"https:\/\/eglisedebrie.fr\/wp-content\/uploads\/2021\/01\/chap-bapt01-682x1024.jpeg 682w, https:\/\/eglisedebrie.fr\/wp-content\/uploads\/2021\/01\/chap-bapt01-200x300.jpeg 200w, https:\/\/eglisedebrie.fr\/wp-content\/uploads\/2021\/01\/chap-bapt01-768x1153.jpeg 768w, https:\/\/eglisedebrie.fr\/wp-content\/uploads\/2021\/01\/chap-bapt01.jpeg 978w\" sizes=\"auto, (max-width: 682px) 100vw, 682px\" \/><\/figure>\n\n\n\n<figure class=\"wp-block-image size-large\"><img loading=\"lazy\" decoding=\"async\" width=\"694\" height=\"1024\" data-id=\"488\" src=\"https:\/\/eglisedebrie.fr\/wp-content\/uploads\/2021\/01\/Echelle-Jacob-694x1024.jpg\" alt=\"\" class=\"wp-image-488\" srcset=\"https:\/\/eglisedebrie.fr\/wp-content\/uploads\/2021\/01\/Echelle-Jacob-694x1024.jpg 694w, https:\/\/eglisedebrie.fr\/wp-content\/uploads\/2021\/01\/Echelle-Jacob-203x300.jpg 203w, https:\/\/eglisedebrie.fr\/wp-content\/uploads\/2021\/01\/Echelle-Jacob-768x1134.jpg 768w, https:\/\/eglisedebrie.fr\/wp-content\/uploads\/2021\/01\/Echelle-Jacob-1040x1536.jpg 1040w, https:\/\/eglisedebrie.fr\/wp-content\/uploads\/2021\/01\/Echelle-Jacob.jpg 1247w\" sizes=\"auto, (max-width: 694px) 100vw, 694px\" \/><\/figure>\n\n\n\n<figure class=\"wp-block-image size-full\"><img loading=\"lazy\" decoding=\"async\" width=\"251\" height=\"263\" data-id=\"960\" src=\"http:\/\/eglisedebrie.fr\/wp-content\/uploads\/2021\/01\/F-Ste-Famille.jpeg\" alt=\"\" class=\"wp-image-960\"\/><\/figure>\n<\/figure>\n\n\n\n<h2 class=\"wp-block-heading\">Frise du vitrail de la 4e trav\u00e9e du bas-cot\u00e9 nord<\/h2>\n\n\n\n<figure class=\"wp-block-gallery has-nested-images columns-default is-cropped wp-block-gallery-5 is-layout-flex wp-block-gallery-is-layout-flex\">\n<figure class=\"wp-block-image size-large\"><img loading=\"lazy\" decoding=\"async\" width=\"1024\" height=\"657\" data-id=\"447\" src=\"https:\/\/eglisedebrie.fr\/wp-content\/uploads\/2021\/01\/Bcn46-1-1024x657.png\" alt=\"\" class=\"wp-image-447\" srcset=\"https:\/\/eglisedebrie.fr\/wp-content\/uploads\/2021\/01\/Bcn46-1-1024x657.png 1024w, https:\/\/eglisedebrie.fr\/wp-content\/uploads\/2021\/01\/Bcn46-1-300x193.png 300w, https:\/\/eglisedebrie.fr\/wp-content\/uploads\/2021\/01\/Bcn46-1-768x493.png 768w, https:\/\/eglisedebrie.fr\/wp-content\/uploads\/2021\/01\/Bcn46-1.png 1329w\" sizes=\"auto, (max-width: 1024px) 100vw, 1024px\" \/><\/figure>\n\n\n\n<figure class=\"wp-block-image size-large\"><img loading=\"lazy\" decoding=\"async\" width=\"1016\" height=\"1024\" data-id=\"448\" src=\"https:\/\/eglisedebrie.fr\/wp-content\/uploads\/2021\/01\/Bcn47-1-1016x1024.png\" alt=\"\" class=\"wp-image-448\" srcset=\"https:\/\/eglisedebrie.fr\/wp-content\/uploads\/2021\/01\/Bcn47-1-1016x1024.png 1016w, https:\/\/eglisedebrie.fr\/wp-content\/uploads\/2021\/01\/Bcn47-1-298x300.png 298w, https:\/\/eglisedebrie.fr\/wp-content\/uploads\/2021\/01\/Bcn47-1-150x150.png 150w, https:\/\/eglisedebrie.fr\/wp-content\/uploads\/2021\/01\/Bcn47-1-768x774.png 768w, https:\/\/eglisedebrie.fr\/wp-content\/uploads\/2021\/01\/Bcn47-1.png 1251w\" sizes=\"auto, (max-width: 1016px) 100vw, 1016px\" \/><\/figure>\n\n\n\n<figure class=\"wp-block-image size-large\"><img loading=\"lazy\" decoding=\"async\" width=\"530\" height=\"780\" data-id=\"1355\" src=\"https:\/\/eglisedebrie.fr\/wp-content\/uploads\/2021\/02\/2016-06-10_BCNT4_14-e1616435762988.png\" alt=\"\" class=\"wp-image-1355\" srcset=\"https:\/\/eglisedebrie.fr\/wp-content\/uploads\/2021\/02\/2016-06-10_BCNT4_14-e1616435762988.png 530w, https:\/\/eglisedebrie.fr\/wp-content\/uploads\/2021\/02\/2016-06-10_BCNT4_14-e1616435762988-204x300.png 204w\" sizes=\"auto, (max-width: 530px) 100vw, 530px\" \/><\/figure>\n\n\n\n<figure class=\"wp-block-image size-large\"><img loading=\"lazy\" decoding=\"async\" width=\"712\" height=\"1024\" data-id=\"449\" src=\"https:\/\/eglisedebrie.fr\/wp-content\/uploads\/2021\/01\/Bcn48-1-712x1024.png\" alt=\"\" class=\"wp-image-449\" srcset=\"https:\/\/eglisedebrie.fr\/wp-content\/uploads\/2021\/01\/Bcn48-1-712x1024.png 712w, https:\/\/eglisedebrie.fr\/wp-content\/uploads\/2021\/01\/Bcn48-1-209x300.png 209w, https:\/\/eglisedebrie.fr\/wp-content\/uploads\/2021\/01\/Bcn48-1-768x1104.png 768w, https:\/\/eglisedebrie.fr\/wp-content\/uploads\/2021\/01\/Bcn48-1-1068x1536.png 1068w, https:\/\/eglisedebrie.fr\/wp-content\/uploads\/2021\/01\/Bcn48-1.png 1353w\" sizes=\"auto, (max-width: 712px) 100vw, 712px\" \/><\/figure>\n\n\n\n<figure class=\"wp-block-image size-large\"><img loading=\"lazy\" decoding=\"async\" width=\"714\" height=\"780\" data-id=\"1354\" src=\"https:\/\/eglisedebrie.fr\/wp-content\/uploads\/2021\/02\/2016-06-10_BCNT4_16-e1616435773597.png\" alt=\"\" class=\"wp-image-1354\" srcset=\"https:\/\/eglisedebrie.fr\/wp-content\/uploads\/2021\/02\/2016-06-10_BCNT4_16-e1616435773597.png 714w, https:\/\/eglisedebrie.fr\/wp-content\/uploads\/2021\/02\/2016-06-10_BCNT4_16-e1616435773597-275x300.png 275w\" sizes=\"auto, (max-width: 714px) 100vw, 714px\" \/><\/figure>\n\n\n\n<figure class=\"wp-block-image size-large\"><img loading=\"lazy\" decoding=\"async\" width=\"1024\" height=\"750\" data-id=\"444\" src=\"https:\/\/eglisedebrie.fr\/wp-content\/uploads\/2021\/01\/Bcn42-1-1024x750.jpg\" alt=\"\" class=\"wp-image-444\" srcset=\"https:\/\/eglisedebrie.fr\/wp-content\/uploads\/2021\/01\/Bcn42-1-1024x750.jpg 1024w, https:\/\/eglisedebrie.fr\/wp-content\/uploads\/2021\/01\/Bcn42-1-300x220.jpg 300w, https:\/\/eglisedebrie.fr\/wp-content\/uploads\/2021\/01\/Bcn42-1-768x563.jpg 768w, https:\/\/eglisedebrie.fr\/wp-content\/uploads\/2021\/01\/Bcn42-1.jpg 1089w\" sizes=\"auto, (max-width: 1024px) 100vw, 1024px\" \/><\/figure>\n\n\n\n<figure class=\"wp-block-image size-large\"><img loading=\"lazy\" decoding=\"async\" width=\"1024\" height=\"562\" data-id=\"445\" src=\"https:\/\/eglisedebrie.fr\/wp-content\/uploads\/2021\/01\/Bcn44-1-1024x562.png\" alt=\"\" class=\"wp-image-445\" srcset=\"https:\/\/eglisedebrie.fr\/wp-content\/uploads\/2021\/01\/Bcn44-1-1024x562.png 1024w, https:\/\/eglisedebrie.fr\/wp-content\/uploads\/2021\/01\/Bcn44-1-300x165.png 300w, https:\/\/eglisedebrie.fr\/wp-content\/uploads\/2021\/01\/Bcn44-1-768x422.png 768w, https:\/\/eglisedebrie.fr\/wp-content\/uploads\/2021\/01\/Bcn44-1-1536x843.png 1536w, https:\/\/eglisedebrie.fr\/wp-content\/uploads\/2021\/01\/Bcn44-1-2048x1124.png 2048w\" sizes=\"auto, (max-width: 1024px) 100vw, 1024px\" \/><\/figure>\n\n\n\n<figure class=\"wp-block-image size-large\"><img loading=\"lazy\" decoding=\"async\" width=\"780\" height=\"669\" data-id=\"1352\" src=\"https:\/\/eglisedebrie.fr\/wp-content\/uploads\/2021\/02\/2016-06-10_BCNT4_04-e1616435797891.png\" alt=\"\" class=\"wp-image-1352\" srcset=\"https:\/\/eglisedebrie.fr\/wp-content\/uploads\/2021\/02\/2016-06-10_BCNT4_04-e1616435797891.png 780w, https:\/\/eglisedebrie.fr\/wp-content\/uploads\/2021\/02\/2016-06-10_BCNT4_04-e1616435797891-300x257.png 300w, https:\/\/eglisedebrie.fr\/wp-content\/uploads\/2021\/02\/2016-06-10_BCNT4_04-e1616435797891-768x659.png 768w\" sizes=\"auto, (max-width: 780px) 100vw, 780px\" \/><\/figure>\n\n\n\n<figure class=\"wp-block-image size-large\"><img loading=\"lazy\" decoding=\"async\" width=\"1024\" height=\"922\" data-id=\"2642\" src=\"https:\/\/eglisedebrie.fr\/wp-content\/uploads\/2021\/03\/BCNT4_05-e1616607419297-1024x922.png\" alt=\"\" class=\"wp-image-2642\" srcset=\"https:\/\/eglisedebrie.fr\/wp-content\/uploads\/2021\/03\/BCNT4_05-e1616607419297-1024x922.png 1024w, https:\/\/eglisedebrie.fr\/wp-content\/uploads\/2021\/03\/BCNT4_05-e1616607419297-300x270.png 300w, https:\/\/eglisedebrie.fr\/wp-content\/uploads\/2021\/03\/BCNT4_05-e1616607419297-768x692.png 768w, https:\/\/eglisedebrie.fr\/wp-content\/uploads\/2021\/03\/BCNT4_05-e1616607419297.png 1280w\" sizes=\"auto, (max-width: 1024px) 100vw, 1024px\" \/><\/figure>\n\n\n\n<figure class=\"wp-block-image size-large\"><img loading=\"lazy\" decoding=\"async\" width=\"630\" height=\"780\" data-id=\"1353\" src=\"https:\/\/eglisedebrie.fr\/wp-content\/uploads\/2021\/02\/2016-06-10_BCNT4_08-e1616435784591.png\" alt=\"\" class=\"wp-image-1353\" srcset=\"https:\/\/eglisedebrie.fr\/wp-content\/uploads\/2021\/02\/2016-06-10_BCNT4_08-e1616435784591.png 630w, https:\/\/eglisedebrie.fr\/wp-content\/uploads\/2021\/02\/2016-06-10_BCNT4_08-e1616435784591-242x300.png 242w\" sizes=\"auto, (max-width: 630px) 100vw, 630px\" \/><\/figure>\n\n\n\n<figure class=\"wp-block-image size-large\"><img loading=\"lazy\" decoding=\"async\" width=\"768\" height=\"1024\" data-id=\"2641\" src=\"https:\/\/eglisedebrie.fr\/wp-content\/uploads\/2021\/03\/BCNT4_06-e1616607433506-768x1024.png\" alt=\"\" class=\"wp-image-2641\" srcset=\"https:\/\/eglisedebrie.fr\/wp-content\/uploads\/2021\/03\/BCNT4_06-e1616607433506-768x1024.png 768w, https:\/\/eglisedebrie.fr\/wp-content\/uploads\/2021\/03\/BCNT4_06-e1616607433506-225x300.png 225w, https:\/\/eglisedebrie.fr\/wp-content\/uploads\/2021\/03\/BCNT4_06-e1616607433506-1152x1536.png 1152w, https:\/\/eglisedebrie.fr\/wp-content\/uploads\/2021\/03\/BCNT4_06-e1616607433506.png 1280w\" sizes=\"auto, (max-width: 768px) 100vw, 768px\" \/><\/figure>\n\n\n\n<figure class=\"wp-block-image size-large\"><img loading=\"lazy\" decoding=\"async\" width=\"927\" height=\"783\" data-id=\"446\" src=\"https:\/\/eglisedebrie.fr\/wp-content\/uploads\/2021\/01\/Bcn45-1.png\" alt=\"\" class=\"wp-image-446\" srcset=\"https:\/\/eglisedebrie.fr\/wp-content\/uploads\/2021\/01\/Bcn45-1.png 927w, https:\/\/eglisedebrie.fr\/wp-content\/uploads\/2021\/01\/Bcn45-1-300x253.png 300w, https:\/\/eglisedebrie.fr\/wp-content\/uploads\/2021\/01\/Bcn45-1-768x649.png 768w\" sizes=\"auto, (max-width: 927px) 100vw, 927px\" \/><\/figure>\n<\/figure>\n\n\n\n<h2 class=\"wp-block-heading\">Vitraux des chapelles sud<\/h2>\n\n\n\n<figure class=\"wp-block-gallery has-nested-images columns-default is-cropped wp-block-gallery-6 is-layout-flex wp-block-gallery-is-layout-flex\">\n<figure class=\"wp-block-image size-large\"><img loading=\"lazy\" decoding=\"async\" width=\"261\" height=\"400\" data-id=\"492\" src=\"https:\/\/eglisedebrie.fr\/wp-content\/uploads\/2021\/01\/J-Annonciation.jpg\" alt=\"\" class=\"wp-image-492\" srcset=\"https:\/\/eglisedebrie.fr\/wp-content\/uploads\/2021\/01\/J-Annonciation.jpg 261w, https:\/\/eglisedebrie.fr\/wp-content\/uploads\/2021\/01\/J-Annonciation-196x300.jpg 196w\" sizes=\"auto, (max-width: 261px) 100vw, 261px\" \/><\/figure>\n\n\n\n<figure class=\"wp-block-image size-full\"><img loading=\"lazy\" decoding=\"async\" width=\"274\" height=\"400\" data-id=\"3908\" src=\"https:\/\/eglisedebrie.fr\/wp-content\/uploads\/2023\/10\/SJBaptiste_01.jpg\" alt=\"\" class=\"wp-image-3908\" srcset=\"https:\/\/eglisedebrie.fr\/wp-content\/uploads\/2023\/10\/SJBaptiste_01.jpg 274w, https:\/\/eglisedebrie.fr\/wp-content\/uploads\/2023\/10\/SJBaptiste_01-206x300.jpg 206w\" sizes=\"auto, (max-width: 274px) 100vw, 274px\" \/><\/figure>\n\n\n\n<figure class=\"wp-block-image size-large\"><img loading=\"lazy\" decoding=\"async\" width=\"244\" height=\"400\" data-id=\"933\" src=\"https:\/\/eglisedebrie.fr\/wp-content\/uploads\/2021\/01\/epiphanie.jpg\" alt=\"\" class=\"wp-image-933\" srcset=\"https:\/\/eglisedebrie.fr\/wp-content\/uploads\/2021\/01\/epiphanie.jpg 244w, https:\/\/eglisedebrie.fr\/wp-content\/uploads\/2021\/01\/epiphanie-183x300.jpg 183w\" sizes=\"auto, (max-width: 244px) 100vw, 244px\" \/><\/figure>\n<\/figure>\n","protected":false},"excerpt":{"rendered":"<p>Vitraux hauts de la nef Cliquer sur une vignette pour passer en mode diaporama. En cliquant sur une vignette vous mettez le diaporama en mode manuel (fl\u00e8che gauche ou droite) Les mois de la rosace du ch\u0153ur Les ap\u00f4tres de la rosace du ch\u0153ur Vitraux des chapelles nord Frise du vitrail de la 4e trav\u00e9e [&hellip;]<\/p>\n","protected":false},"author":1,"featured_media":999,"parent":0,"menu_order":0,"comment_status":"closed","ping_status":"closed","template":"","meta":{"footnotes":""},"class_list":["post-212","page","type-page","status-publish","has-post-thumbnail","hentry"],"yoast_head":"<!-- This site is optimized with the Yoast SEO plugin v21.5 - https:\/\/yoast.com\/wordpress\/plugins\/seo\/ -->\n<title>Vitraux - Eglise Saint-Etienne de Brie-Comte-Robert<\/title>\n<meta name=\"robots\" content=\"index, follow, max-snippet:-1, max-image-preview:large, max-video-preview:-1\" \/>\n<link rel=\"canonical\" href=\"https:\/\/eglisedebrie.fr\/?page_id=212\" \/>\n<meta property=\"og:locale\" content=\"fr_FR\" \/>\n<meta property=\"og:type\" content=\"article\" \/>\n<meta property=\"og:title\" content=\"Vitraux - Eglise Saint-Etienne de Brie-Comte-Robert\" \/>\n<meta property=\"og:description\" content=\"Vitraux hauts de la nef Cliquer sur une vignette pour passer en mode diaporama. En cliquant sur une vignette vous mettez le diaporama en mode manuel (fl\u00e8che gauche ou droite) Les mois de la rosace du ch\u0153ur Les ap\u00f4tres de la rosace du ch\u0153ur Vitraux des chapelles nord Frise du vitrail de la 4e trav\u00e9e [&hellip;]\" \/>\n<meta property=\"og:url\" content=\"https:\/\/eglisedebrie.fr\/?page_id=212\" \/>\n<meta property=\"og:site_name\" content=\"Eglise Saint-Etienne de Brie-Comte-Robert\" \/>\n<meta property=\"article:modified_time\" content=\"2023-10-20T13:40:32+00:00\" \/>\n<meta property=\"og:image\" content=\"https:\/\/eglisedebrie.fr\/wp-content\/uploads\/2021\/01\/Rosace-.png\" \/>\n\t<meta property=\"og:image:width\" content=\"1580\" \/>\n\t<meta property=\"og:image:height\" content=\"584\" \/>\n\t<meta property=\"og:image:type\" content=\"image\/png\" \/>\n<meta name=\"twitter:card\" content=\"summary_large_image\" \/>\n<meta name=\"twitter:label1\" content=\"Dur\u00e9e de lecture estim\u00e9e\" \/>\n\t<meta name=\"twitter:data1\" content=\"1 minute\" \/>\n<script type=\"application\/ld+json\" class=\"yoast-schema-graph\">{\"@context\":\"https:\/\/schema.org\",\"@graph\":[{\"@type\":\"WebPage\",\"@id\":\"https:\/\/eglisedebrie.fr\/?page_id=212\",\"url\":\"https:\/\/eglisedebrie.fr\/?page_id=212\",\"name\":\"Vitraux - Eglise Saint-Etienne de Brie-Comte-Robert\",\"isPartOf\":{\"@id\":\"https:\/\/eglisedebrie.fr\/#website\"},\"datePublished\":\"2021-01-08T16:33:12+00:00\",\"dateModified\":\"2023-10-20T13:40:32+00:00\",\"breadcrumb\":{\"@id\":\"https:\/\/eglisedebrie.fr\/?page_id=212#breadcrumb\"},\"inLanguage\":\"fr-FR\",\"potentialAction\":[{\"@type\":\"ReadAction\",\"target\":[\"https:\/\/eglisedebrie.fr\/?page_id=212\"]}]},{\"@type\":\"BreadcrumbList\",\"@id\":\"https:\/\/eglisedebrie.fr\/?page_id=212#breadcrumb\",\"itemListElement\":[{\"@type\":\"ListItem\",\"position\":1,\"name\":\"Accueil\",\"item\":\"https:\/\/eglisedebrie.fr\/\"},{\"@type\":\"ListItem\",\"position\":2,\"name\":\"Vitraux\"}]},{\"@type\":\"WebSite\",\"@id\":\"https:\/\/eglisedebrie.fr\/#website\",\"url\":\"https:\/\/eglisedebrie.fr\/\",\"name\":\"Eglise Saint-Etienne de Brie-Comte-Robert\",\"description\":\"\u00a9 Les Amis du Vieux Ch\u00e2teau\",\"potentialAction\":[{\"@type\":\"SearchAction\",\"target\":{\"@type\":\"EntryPoint\",\"urlTemplate\":\"https:\/\/eglisedebrie.fr\/?s={search_term_string}\"},\"query-input\":\"required name=search_term_string\"}],\"inLanguage\":\"fr-FR\"}]}<\/script>\n<!-- \/ Yoast SEO plugin. -->","yoast_head_json":{"title":"Vitraux - Eglise Saint-Etienne de Brie-Comte-Robert","robots":{"index":"index","follow":"follow","max-snippet":"max-snippet:-1","max-image-preview":"max-image-preview:large","max-video-preview":"max-video-preview:-1"},"canonical":"https:\/\/eglisedebrie.fr\/?page_id=212","og_locale":"fr_FR","og_type":"article","og_title":"Vitraux - Eglise Saint-Etienne de Brie-Comte-Robert","og_description":"Vitraux hauts de la nef Cliquer sur une vignette pour passer en mode diaporama. En cliquant sur une vignette vous mettez le diaporama en mode manuel (fl\u00e8che gauche ou droite) Les mois de la rosace du ch\u0153ur Les ap\u00f4tres de la rosace du ch\u0153ur Vitraux des chapelles nord Frise du vitrail de la 4e trav\u00e9e [&hellip;]","og_url":"https:\/\/eglisedebrie.fr\/?page_id=212","og_site_name":"Eglise Saint-Etienne de Brie-Comte-Robert","article_modified_time":"2023-10-20T13:40:32+00:00","og_image":[{"width":1580,"height":584,"url":"https:\/\/eglisedebrie.fr\/wp-content\/uploads\/2021\/01\/Rosace-.png","type":"image\/png"}],"twitter_card":"summary_large_image","twitter_misc":{"Dur\u00e9e de lecture estim\u00e9e":"1 minute"},"schema":{"@context":"https:\/\/schema.org","@graph":[{"@type":"WebPage","@id":"https:\/\/eglisedebrie.fr\/?page_id=212","url":"https:\/\/eglisedebrie.fr\/?page_id=212","name":"Vitraux - Eglise Saint-Etienne de Brie-Comte-Robert","isPartOf":{"@id":"https:\/\/eglisedebrie.fr\/#website"},"datePublished":"2021-01-08T16:33:12+00:00","dateModified":"2023-10-20T13:40:32+00:00","breadcrumb":{"@id":"https:\/\/eglisedebrie.fr\/?page_id=212#breadcrumb"},"inLanguage":"fr-FR","potentialAction":[{"@type":"ReadAction","target":["https:\/\/eglisedebrie.fr\/?page_id=212"]}]},{"@type":"BreadcrumbList","@id":"https:\/\/eglisedebrie.fr\/?page_id=212#breadcrumb","itemListElement":[{"@type":"ListItem","position":1,"name":"Accueil","item":"https:\/\/eglisedebrie.fr\/"},{"@type":"ListItem","position":2,"name":"Vitraux"}]},{"@type":"WebSite","@id":"https:\/\/eglisedebrie.fr\/#website","url":"https:\/\/eglisedebrie.fr\/","name":"Eglise Saint-Etienne de Brie-Comte-Robert","description":"\u00a9 Les Amis du Vieux Ch\u00e2teau","potentialAction":[{"@type":"SearchAction","target":{"@type":"EntryPoint","urlTemplate":"https:\/\/eglisedebrie.fr\/?s={search_term_string}"},"query-input":"required name=search_term_string"}],"inLanguage":"fr-FR"}]}},"_links":{"self":[{"href":"https:\/\/eglisedebrie.fr\/index.php?rest_route=\/wp\/v2\/pages\/212","targetHints":{"allow":["GET"]}}],"collection":[{"href":"https:\/\/eglisedebrie.fr\/index.php?rest_route=\/wp\/v2\/pages"}],"about":[{"href":"https:\/\/eglisedebrie.fr\/index.php?rest_route=\/wp\/v2\/types\/page"}],"author":[{"embeddable":true,"href":"https:\/\/eglisedebrie.fr\/index.php?rest_route=\/wp\/v2\/users\/1"}],"replies":[{"embeddable":true,"href":"https:\/\/eglisedebrie.fr\/index.php?rest_route=%2Fwp%2Fv2%2Fcomments&post=212"}],"version-history":[{"count":8,"href":"https:\/\/eglisedebrie.fr\/index.php?rest_route=\/wp\/v2\/pages\/212\/revisions"}],"predecessor-version":[{"id":3945,"href":"https:\/\/eglisedebrie.fr\/index.php?rest_route=\/wp\/v2\/pages\/212\/revisions\/3945"}],"wp:featuredmedia":[{"embeddable":true,"href":"https:\/\/eglisedebrie.fr\/index.php?rest_route=\/wp\/v2\/media\/999"}],"wp:attachment":[{"href":"https:\/\/eglisedebrie.fr\/index.php?rest_route=%2Fwp%2Fv2%2Fmedia&parent=212"}],"curies":[{"name":"wp","href":"https:\/\/api.w.org\/{rel}","templated":true}]}}